{"id":6916,"date":"2025-06-22T20:20:04","date_gmt":"2025-06-22T18:20:04","guid":{"rendered":"https:\/\/terra-contact.fr\/?page_id=6916"},"modified":"2026-03-18T19:48:04","modified_gmt":"2026-03-18T18:48:04","slug":"semaine-1","status":"publish","type":"page","link":"https:\/\/terra-contact.fr\/es\/semaine-1\/","title":{"rendered":"semaine-1"},"content":{"rendered":"\t\t<div data-elementor-type=\"wp-page\" data-elementor-id=\"6916\" class=\"elementor elementor-6916\">\n\t\t\t\t<div class=\"elementor-element elementor-element-cb367be e-flex e-con-boxed e-con e-parent\" data-id=\"cb367be\" data-element_type=\"container\">\n\t\t\t\t\t<div class=\"e-con-inner\">\n\t\t<div class=\"elementor-element elementor-element-14e194d9 e-con-full e-flex e-con e-child\" data-id=\"14e194d9\" data-element_type=\"container\">\n\t\t\t\t<div class=\"elementor-element elementor-element-64c690 e-transform elementor-hidden-mobile elementor-hidden-tablet elementor-widget elementor-widget-text-editor\" data-id=\"64c690\" data-element_type=\"widget\" data-settings=\"{&quot;_transform_scale_effect&quot;:{&quot;unit&quot;:&quot;px&quot;,&quot;size&quot;:1.2,&quot;sizes&quot;:[]},&quot;_transform_scale_effect_tablet&quot;:{&quot;unit&quot;:&quot;px&quot;,&quot;size&quot;:&quot;&quot;,&quot;sizes&quot;:[]},&quot;_transform_scale_effect_mobile&quot;:{&quot;unit&quot;:&quot;px&quot;,&quot;size&quot;:&quot;&quot;,&quot;sizes&quot;:[]}}\" data-widget_type=\"text-editor.default\">\n\t\t\t\t<div class=\"elementor-widget-container\">\n\t\t\t\t\t\t\t\t\t<h5><strong>Primera setmana de l&#8217;10 al 15 d&#8217;agost de 2026<\/strong><br \/><strong>Amb Alice Dutreuil Nouchimowitz<\/strong><\/h5>\t\t\t\t\t\t\t\t<\/div>\n\t\t\t\t<\/div>\n\t\t\t\t<\/div>\n\t\t<div class=\"elementor-element elementor-element-4ec431d9 e-con-full e-flex e-con e-child\" data-id=\"4ec431d9\" data-element_type=\"container\">\n\t\t\t\t<div class=\"elementor-element elementor-element-209df75d elementor-widget__width-initial e-transform elementor-hidden-mobile elementor-widget elementor-widget-image\" data-id=\"209df75d\" data-element_type=\"widget\" data-settings=\"{&quot;_transform_scale_effect&quot;:{&quot;unit&quot;:&quot;px&quot;,&quot;size&quot;:1.5,&quot;sizes&quot;:[]},&quot;_transform_scale_effect_tablet&quot;:{&quot;unit&quot;:&quot;px&quot;,&quot;size&quot;:&quot;&quot;,&quot;sizes&quot;:[]},&quot;_transform_scale_effect_mobile&quot;:{&quot;unit&quot;:&quot;px&quot;,&quot;size&quot;:&quot;&quot;,&quot;sizes&quot;:[]}}\" data-widget_type=\"image.default\">\n\t\t\t\t<div class=\"elementor-widget-container\">\n\t\t\t\t\t\t\t\t\t\t\t\t\t\t\t<img fetchpriority=\"high\" decoding=\"async\" width=\"300\" height=\"258\" src=\"https:\/\/terra-contact.fr\/wp-content\/uploads\/2026\/02\/ciste_blanche_terra-contact_2026_danse_france_pyrenees-orientales_gaudeau_nature_sauvage-wild-300x258.png\" class=\"attachment-medium size-medium wp-image-7406\" alt=\"\" srcset=\"https:\/\/terra-contact.fr\/wp-content\/uploads\/2026\/02\/ciste_blanche_terra-contact_2026_danse_france_pyrenees-orientales_gaudeau_nature_sauvage-wild-300x258.png 300w, https:\/\/terra-contact.fr\/wp-content\/uploads\/2026\/02\/ciste_blanche_terra-contact_2026_danse_france_pyrenees-orientales_gaudeau_nature_sauvage-wild.png 483w\" sizes=\"(max-width: 300px) 100vw, 300px\" \/>\t\t\t\t\t\t\t\t\t\t\t\t\t\t\t<\/div>\n\t\t\t\t<\/div>\n\t\t\t\t<\/div>\n\t\t<div class=\"elementor-element elementor-element-f849551 e-con-full e-flex e-con e-child\" data-id=\"f849551\" data-element_type=\"container\">\n\t\t\t\t<div class=\"elementor-element elementor-element-20e83fef elementor-widget elementor-widget-image\" data-id=\"20e83fef\" data-element_type=\"widget\" data-widget_type=\"image.default\">\n\t\t\t\t<div class=\"elementor-widget-container\">\n\t\t\t\t\t\t\t\t\t\t\t\t\t\t\t<img decoding=\"async\" width=\"821\" height=\"1024\" src=\"https:\/\/terra-contact.fr\/wp-content\/uploads\/2025\/03\/Alice-terra-contact-impro-3-821x1024.jpg\" class=\"attachment-large size-large wp-image-6383\" alt=\"\" srcset=\"https:\/\/terra-contact.fr\/wp-content\/uploads\/2025\/03\/Alice-terra-contact-impro-3-821x1024.jpg 821w, https:\/\/terra-contact.fr\/wp-content\/uploads\/2025\/03\/Alice-terra-contact-impro-3-240x300.jpg 240w, https:\/\/terra-contact.fr\/wp-content\/uploads\/2025\/03\/Alice-terra-contact-impro-3-768x958.jpg 768w, https:\/\/terra-contact.fr\/wp-content\/uploads\/2025\/03\/Alice-terra-contact-impro-3.jpg 852w\" sizes=\"(max-width: 821px) 100vw, 821px\" \/>\t\t\t\t\t\t\t\t\t\t\t\t\t\t\t<\/div>\n\t\t\t\t<\/div>\n\t\t\t\t<\/div>\n\t\t<div class=\"elementor-element elementor-element-598ff021 e-con-full e-flex e-con e-child\" data-id=\"598ff021\" data-element_type=\"container\">\n\t\t\t\t<div class=\"elementor-element elementor-element-4eca907b elementor-hidden-mobile elementor-widget elementor-widget-text-editor\" data-id=\"4eca907b\" data-element_type=\"widget\" data-widget_type=\"text-editor.default\">\n\t\t\t\t<div class=\"elementor-widget-container\">\n\t\t\t\t\t\t\t\t\t<h4><strong>ANIMAL ANCESTRAL<\/strong><\/h4><h6><strong>Volver al instinto&#8230;<\/strong><\/h6><h4><span style=\"font-size: 16px; font-style: inherit; font-weight: inherit; color: var( --e-global-color-text ); font-family: var( --e-global-typography-text-font-family ), Sans-serif; text-align: var(--text-align);\"><em><strong><a href=\"#programme-alice-dutreuil-nouchimowitz\">Ver el programa detallado de la semana`<\/a><\/strong><\/em><br \/><\/span><\/h4><p>\u00a0<\/p><p>\u00bfQu\u00e9 significa para ti el instinto? Volver a \u00e9l supone que, en alg\u00fan momento, nos hemos alejado&#8230;<\/p><p>Por mi parte, la propuesta de \u00abVolver al instinto\u00bb, hecha por el festival, me inspira una inmersi\u00f3n en nuestro cuerpo animal.<\/p><p>El instinto permite al animal percibir una tormenta a kil\u00f3metros de distancia, anticiparse, resguardarse, para que la vida contin\u00fae. De manera instintiva, podemos sentir lo que est\u00e1 por acontecer y a\u00fan no es visible, adaptarnos a lo imprevisto o a lo imprevisible.<\/p><p><b>Es el cuerpo instintivo el que nos permite afrontar el peligro, asumir riesgos y tambi\u00e9n crear vida.<\/b><\/p><p>Contiene nuestras historias, personales y colectivas. Al permitirnos encontrar alimento, un refugio donde restaurarnos, escuchar los ciclos de lo vivo \u2014en nosotros y a nuestro alrededor\u2014, hace posible la supervivencia y la vida.<\/p><p><b>Esta semana en plena naturaleza ser\u00e1 una invitaci\u00f3n a sumergirnos m\u00e1s profundamente en nuestra animalidad.<\/b><\/p><p>A trav\u00e9s del afinamiento de nuestros sentidos y percepciones, de tiempos de conexi\u00f3n y exploraci\u00f3n \u00abin vivo\u00bb, desarrollaremos nuestra capacidad de dialogar de manera coherente con lo que est\u00e1 presente, en t\u00e9rminos de ritmo, velocidad, gesto, tono\u2026 Mediante espacios de masaje y movimiento, permitiremos que nuestros cuerpos liberen tensiones, se vuelvan m\u00e1s flexibles, abiertos y disponibles a lo que acontece.<\/p><p>Invitaremos a la escucha, al juego, a la \u201crefriega\u201d, <b>para reencontrar el placer de un cuerpo que se comunica de manera comprometida consigo mismo, con el otro y con lo que le rodea. Tambi\u00e9n haremos manada y co-crearemos la danza.<\/b><\/p><p><b><\/b><b><em style=\"font-size: 0.8em;\">Cr\u00e9dito fotogr\u00e1fico: <a href=\"https:\/\/helenetoulet.com\/\" target=\"_blank\" rel=\"noopener\">H\u00e9l\u00e8ne Toulet<\/a><br \/><\/em><br \/><\/b><\/p><p><a href=\"https:\/\/terra-contact.fr\/semaine-1-2\/\">Ver la segunda semana con Matthieu Gaudeau<\/a><\/p>\t\t\t\t\t\t\t\t<\/div>\n\t\t\t\t<\/div>\n\t\t\t\t<div class=\"elementor-element elementor-element-24e50b7c elementor-hidden-desktop elementor-widget elementor-widget-text-editor\" data-id=\"24e50b7c\" data-element_type=\"widget\" data-widget_type=\"text-editor.default\">\n\t\t\t\t<div class=\"elementor-widget-container\">\n\t\t\t\t\t\t\t\t\t<h4><strong>ANIMAL ANCESTRAL<\/strong><\/h4><h6><strong>Volver al instinto&#8230;<\/strong><\/h6><h4><span style=\"font-size: 16px; font-style: inherit; font-weight: inherit; color: var( --e-global-color-text ); font-family: var( --e-global-typography-text-font-family ), Sans-serif; text-align: var(--text-align);\"><br \/><em><strong><a href=\"#programme-alice-dutreuil-nouchimowitz\">Ver el programa detallado de la semana<\/a><\/strong><\/em><br \/><\/span><\/h4><p>\u00bfQu\u00e9 significa para ti el instinto? Volver a \u00e9l supone que, en alg\u00fan momento, nos hemos alejado&#8230;<\/p><p>Por mi parte, la propuesta de \u00abVolver al instinto\u00bb, hecha por el festival, me inspira una inmersi\u00f3n en nuestro cuerpo animal.<\/p><p>El instinto permite al animal percibir una tormenta a kil\u00f3metros de distancia, anticiparse, resguardarse, para que la vida contin\u00fae. De manera instintiva, podemos sentir lo que est\u00e1 por acontecer y a\u00fan no es visible, adaptarnos a lo imprevisto o a lo imprevisible.<\/p><p><b>Es el cuerpo instintivo el que nos permite afrontar el peligro, asumir riesgos y tambi\u00e9n crear vida.<\/b> Contiene nuestras historias, personales y colectivas.<\/p><p>Al permitirnos encontrar alimento, un refugio donde restaurarnos, escuchar los ciclos de lo vivo \u2014en nosotros y a nuestro alrededor\u2014, hace posible la supervivencia y la vida.<\/p><p><b>Esta semana en plena naturaleza ser\u00e1 una invitaci\u00f3n a sumergirnos m\u00e1s profundamente en nuestra animalidad.<\/b><\/p><p>A trav\u00e9s del afinamiento de nuestros sentidos y percepciones, de tiempos de conexi\u00f3n y exploraci\u00f3n \u00abin vivo\u00bb, desarrollaremos nuestra capacidad de dialogar de manera coherente con lo que est\u00e1 presente, en t\u00e9rminos de ritmo, velocidad, gesto, tono\u2026 Mediante espacios de masaje y movimiento, permitiremos que nuestros cuerpos liberen tensiones, se vuelvan m\u00e1s flexibles, abiertos y disponibles a lo que acontece.<\/p><p>Invitaremos a la escucha, al juego, a la \u201crefriega\u201d, <b>para reencontrar el placer de un cuerpo que se comunica de manera comprometida consigo mismo, con el otro y con lo que le rodea. Tambi\u00e9n haremos manada y co-crearemos la danza.<\/b><\/p><p><b><br \/><\/b><b><em style=\"font-size: 0.8em;\">Cr\u00e9dito fotogr\u00e1fico: <a href=\"https:\/\/helenetoulet.com\/\" target=\"_blank\" rel=\"noopener\">H\u00e9l\u00e8ne Toulet<\/a><br \/><\/em><\/b><\/p><p><a href=\"https:\/\/terra-contact.fr\/es\/semaine-2\/\">Ver la segunda semana con Matthieu Gaudeau<\/a><\/p>\t\t\t\t\t\t\t\t<\/div>\n\t\t\t\t<\/div>\n\t\t\t\t<\/div>\n\t\t<div class=\"elementor-element elementor-element-2df9945 e-con-full e-flex e-con e-child\" data-id=\"2df9945\" data-element_type=\"container\">\n\t\t\t\t<div class=\"elementor-element elementor-element-162f0e5b elementor-hidden-mobile elementor-hidden-tablet elementor-widget elementor-widget-image\" data-id=\"162f0e5b\" data-element_type=\"widget\" data-widget_type=\"image.default\">\n\t\t\t\t<div class=\"elementor-widget-container\">\n\t\t\t\t\t\t\t\t\t\t\t\t\t\t\t<img decoding=\"async\" width=\"275\" height=\"300\" src=\"https:\/\/terra-contact.fr\/wp-content\/uploads\/2026\/02\/danseuses_terra-contact_2026_danse_france_pyrenees-orientales_gaudeau_nature_sauvage-wild-275x300.png\" class=\"attachment-medium size-medium wp-image-7402\" alt=\"\" srcset=\"https:\/\/terra-contact.fr\/wp-content\/uploads\/2026\/02\/danseuses_terra-contact_2026_danse_france_pyrenees-orientales_gaudeau_nature_sauvage-wild-275x300.png 275w, https:\/\/terra-contact.fr\/wp-content\/uploads\/2026\/02\/danseuses_terra-contact_2026_danse_france_pyrenees-orientales_gaudeau_nature_sauvage-wild.png 505w\" sizes=\"(max-width: 275px) 100vw, 275px\" \/>\t\t\t\t\t\t\t\t\t\t\t\t\t\t\t<\/div>\n\t\t\t\t<\/div>\n\t\t\t\t<\/div>\n\t\t<div class=\"elementor-element elementor-element-606469c4 e-con-full e-flex e-con e-child\" data-id=\"606469c4\" data-element_type=\"container\">\n\t\t\t\t<\/div>\n\t\t\t\t\t<\/div>\n\t\t\t\t<\/div>\n\t\t<div class=\"elementor-element elementor-element-168f0a7 e-flex e-con-boxed e-con e-parent\" data-id=\"168f0a7\" data-element_type=\"container\">\n\t\t\t\t\t<div class=\"e-con-inner\">\n\t\t\t\t<div class=\"elementor-element elementor-element-fbc4492 elementor-widget elementor-widget-menu-anchor\" data-id=\"fbc4492\" data-element_type=\"widget\" data-widget_type=\"menu-anchor.default\">\n\t\t\t\t<div class=\"elementor-widget-container\">\n\t\t\t\t\t\t\t<div class=\"elementor-menu-anchor\" id=\"programme-alice-dutreuil-nouchimowitz\"><\/div>\n\t\t\t\t\t\t<\/div>\n\t\t\t\t<\/div>\n\t\t\t\t<div class=\"elementor-element elementor-element-e191ed5 elementor-widget elementor-widget-image\" data-id=\"e191ed5\" data-element_type=\"widget\" data-widget_type=\"image.default\">\n\t\t\t\t<div class=\"elementor-widget-container\">\n\t\t\t\t\t\t\t\t\t\t\t\t\t\t\t\t<a href=\"http:\/\/terra-contact.fr\/wp-content\/uploads\/2026\/03\/planning-semaine-1-medium-terra-contact_2026_danse_france_pyrenees-orientale_Alice_dutreuil_nouchimowitz_nature_sauvage-wild.png\" data-elementor-open-lightbox=\"yes\" data-elementor-lightbox-title=\"planning-semaine-1-medium-terra-contact_2026_danse_france_pyrenees-orientale_Alice_dutreuil_nouchimowitz_nature_sauvage-wild\" data-e-action-hash=\"#elementor-action%3Aaction%3Dlightbox%26settings%3DeyJpZCI6ODkwNCwidXJsIjoiaHR0cHM6XC9cL3RlcnJhLWNvbnRhY3QuZnJcL3dwLWNvbnRlbnRcL3VwbG9hZHNcLzIwMjZcLzAzXC9wbGFubmluZy1zZW1haW5lLTEtbWVkaXVtLXRlcnJhLWNvbnRhY3RfMjAyNl9kYW5zZV9mcmFuY2VfcHlyZW5lZXMtb3JpZW50YWxlX0FsaWNlX2R1dHJldWlsX25vdWNoaW1vd2l0el9uYXR1cmVfc2F1dmFnZS13aWxkLnBuZyJ9\">\n\t\t\t\t\t\t\t<img loading=\"lazy\" decoding=\"async\" width=\"1000\" height=\"707\" src=\"https:\/\/terra-contact.fr\/wp-content\/uploads\/2026\/03\/planning-semaine-1-medium-terra-contact_2026_danse_france_pyrenees-orientale_Alice_dutreuil_nouchimowitz_nature_sauvage-wild.png\" class=\"attachment-large size-large wp-image-8904\" alt=\"\" srcset=\"https:\/\/terra-contact.fr\/wp-content\/uploads\/2026\/03\/planning-semaine-1-medium-terra-contact_2026_danse_france_pyrenees-orientale_Alice_dutreuil_nouchimowitz_nature_sauvage-wild.png 1000w, https:\/\/terra-contact.fr\/wp-content\/uploads\/2026\/03\/planning-semaine-1-medium-terra-contact_2026_danse_france_pyrenees-orientale_Alice_dutreuil_nouchimowitz_nature_sauvage-wild-300x212.png 300w, https:\/\/terra-contact.fr\/wp-content\/uploads\/2026\/03\/planning-semaine-1-medium-terra-contact_2026_danse_france_pyrenees-orientale_Alice_dutreuil_nouchimowitz_nature_sauvage-wild-768x543.png 768w\" sizes=\"(max-width: 1000px) 100vw, 1000px\" \/>\t\t\t\t\t\t\t\t<\/a>\n\t\t\t\t\t\t\t\t\t\t\t\t\t\t\t<\/div>\n\t\t\t\t<\/div>\n\t\t\t\t\t<\/div>\n\t\t\t\t<\/div>\n\t\t<div class=\"elementor-element elementor-element-f7cc4a3 e-flex e-con-boxed e-con e-parent\" data-id=\"f7cc4a3\" data-element_type=\"container\">\n\t\t\t\t\t<div class=\"e-con-inner\">\n\t\t\t\t\t<\/div>\n\t\t\t\t<\/div>\n\t\t\t\t<\/div>\n\t\t","protected":false},"excerpt":{"rendered":"<p>Premi\u00e8re semaine du 10 au 15 Ao\u00fbt 2027Avec Alice Dutreuil Nouchimowitz ANCESTRAL ANIMAL\u00a0 Retour \u00e0 l&#8217;instinct. Voir le programme d\u00e9taill\u00e9 de la semaine C&#8217;est quoi pour toi, l&#8217;instinct ? Y revenir suppose que l&#8217;on s&#8217;en soit \u00e9loign\u00e9&#8230; De mon c\u00f4t\u00e9, la proposition de \u00ab\u00a0Retour \u00e0 l&#8217;instinct\u00a0\u00bb, faite par le festival, m&#8217;inspire un plongeon dans notre [&hellip;]<\/p>\n","protected":false},"author":1,"featured_media":0,"parent":0,"menu_order":0,"comment_status":"closed","ping_status":"closed","template":"","meta":{"site-sidebar-layout":"no-sidebar","site-content-layout":"page-builder","ast-site-content-layout":"full-width-container","site-content-style":"default","site-sidebar-style":"default","ast-global-header-display":"","ast-banner-title-visibility":"","ast-main-header-display":"","ast-hfb-above-header-display":"","ast-hfb-below-header-display":"","ast-hfb-mobile-header-display":"","site-post-title":"disabled","ast-breadcrumbs-content":"","ast-featured-img":"disabled","footer-sml-layout":"","theme-transparent-header-meta":"","adv-header-id-meta":"","stick-header-meta":"","header-above-stick-meta":"","header-main-stick-meta":"","header-below-stick-meta":"","astra-migrate-meta-layouts":"set","ast-page-background-enabled":"default","ast-page-background-meta":{"desktop":{"background-color":"var(--ast-global-color-4)","background-image":"","background-repeat":"repeat","background-position":"center center","background-size":"auto","background-attachment":"scroll","background-type":"","background-media":"","overlay-type":"","overlay-color":"","overlay-opacity":"","overlay-gradient":""},"tablet":{"background-color":"","background-image":"","background-repeat":"repeat","background-position":"center center","background-size":"auto","background-attachment":"scroll","background-type":"","background-media":"","overlay-type":"","overlay-color":"","overlay-opacity":"","overlay-gradient":""},"mobile":{"background-color":"","background-image":"","background-repeat":"repeat","background-position":"center center","background-size":"auto","background-attachment":"scroll","background-type":"","background-media":"","overlay-type":"","overlay-color":"","overlay-opacity":"","overlay-gradient":""}},"ast-content-background-meta":{"desktop":{"background-color":"var(--ast-global-color-5)","background-image":"","background-repeat":"repeat","background-position":"center center","background-size":"auto","background-attachment":"scroll","background-type":"","background-media":"","overlay-type":"","overlay-color":"","overlay-opacity":"","overlay-gradient":""},"tablet":{"background-color":"var(--ast-global-color-5)","background-image":"","background-repeat":"repeat","background-position":"center center","background-size":"auto","background-attachment":"scroll","background-type":"","background-media":"","overlay-type":"","overlay-color":"","overlay-opacity":"","overlay-gradient":""},"mobile":{"background-color":"var(--ast-global-color-5)","background-image":"","background-repeat":"repeat","background-position":"center center","background-size":"auto","background-attachment":"scroll","background-type":"","background-media":"","overlay-type":"","overlay-color":"","overlay-opacity":"","overlay-gradient":""}},"footnotes":""},"class_list":["post-6916","page","type-page","status-publish","hentry"],"_links":{"self":[{"href":"https:\/\/terra-contact.fr\/es\/wp-json\/wp\/v2\/pages\/6916","targetHints":{"allow":["GET"]}}],"collection":[{"href":"https:\/\/terra-contact.fr\/es\/wp-json\/wp\/v2\/pages"}],"about":[{"href":"https:\/\/terra-contact.fr\/es\/wp-json\/wp\/v2\/types\/page"}],"author":[{"embeddable":true,"href":"https:\/\/terra-contact.fr\/es\/wp-json\/wp\/v2\/users\/1"}],"replies":[{"embeddable":true,"href":"https:\/\/terra-contact.fr\/es\/wp-json\/wp\/v2\/comments?post=6916"}],"version-history":[{"count":223,"href":"https:\/\/terra-contact.fr\/es\/wp-json\/wp\/v2\/pages\/6916\/revisions"}],"predecessor-version":[{"id":9545,"href":"https:\/\/terra-contact.fr\/es\/wp-json\/wp\/v2\/pages\/6916\/revisions\/9545"}],"wp:attachment":[{"href":"https:\/\/terra-contact.fr\/es\/wp-json\/wp\/v2\/media?parent=6916"}],"curies":[{"name":"wp","href":"https:\/\/api.w.org\/{rel}","templated":true}]}}