{"id":4025,"date":"2025-01-18T19:32:37","date_gmt":"2025-01-18T18:32:37","guid":{"rendered":"https:\/\/terra-contact.fr\/?page_id=4025"},"modified":"2026-04-25T20:34:42","modified_gmt":"2026-04-25T18:34:42","slug":"infos-pratiques","status":"publish","type":"page","link":"https:\/\/terra-contact.fr\/es\/infos-pratiques\/","title":{"rendered":"infos pratiques"},"content":{"rendered":"\t\t<div data-elementor-type=\"wp-page\" data-elementor-id=\"4025\" class=\"elementor elementor-4025\">\n\t\t\t\t<div class=\"elementor-element elementor-element-ea2514d e-flex e-con-boxed e-con e-parent\" data-id=\"ea2514d\" data-element_type=\"container\">\n\t\t\t\t\t<div class=\"e-con-inner\">\n\t\t<div class=\"elementor-element elementor-element-bc82eff e-con-full e-flex e-con e-child\" data-id=\"bc82eff\" data-element_type=\"container\">\n\t\t<div class=\"elementor-element elementor-element-1d04bf7 e-con-full elementor-hidden-mobile e-flex e-con e-child\" data-id=\"1d04bf7\" data-element_type=\"container\">\n\t\t\t\t<div class=\"elementor-element elementor-element-d85c0c5 elementor-widget__width-initial e-transform elementor-widget elementor-widget-image\" data-id=\"d85c0c5\" data-element_type=\"widget\" data-settings=\"{&quot;_transform_scale_effect&quot;:{&quot;unit&quot;:&quot;px&quot;,&quot;size&quot;:0.6,&quot;sizes&quot;:[]},&quot;_transform_scale_effect_tablet&quot;:{&quot;unit&quot;:&quot;px&quot;,&quot;size&quot;:&quot;&quot;,&quot;sizes&quot;:[]},&quot;_transform_scale_effect_mobile&quot;:{&quot;unit&quot;:&quot;px&quot;,&quot;size&quot;:&quot;&quot;,&quot;sizes&quot;:[]}}\" data-widget_type=\"image.default\">\n\t\t\t\t<div class=\"elementor-widget-container\">\n\t\t\t\t\t\t\t\t\t\t\t\t\t\t\t<img decoding=\"async\" src=\"https:\/\/terra-contact.fr\/wp-content\/uploads\/2026\/02\/ciste_200_terra-contact_2026_danse_france_pyrenees-orientales_gaudeau_nature_sauvage-wild.png\" title=\"ciste_200_terra-contact_2026_danse_france_pyrenees-orientales_gaudeau_nature_sauvage-wild\" alt=\"ciste_200_terra-contact_2026_danse_france_pyrenees-orientales_gaudeau_nature_sauvage-wild\" loading=\"lazy\" \/>\t\t\t\t\t\t\t\t\t\t\t\t\t\t\t<\/div>\n\t\t\t\t<\/div>\n\t\t\t\t<\/div>\n\t\t\t\t<div class=\"elementor-element elementor-element-a41128e elementor-widget__width-initial elementor-hidden-mobile elementor-widget elementor-widget-text-editor\" data-id=\"a41128e\" data-element_type=\"widget\" data-widget_type=\"text-editor.default\">\n\t\t\t\t<div class=\"elementor-widget-container\">\n\t\t\t\t\t\t\t\t\t<h3><strong>TERRA CONTACT 2026<\/strong><\/h3><p>Plazas limitadas a 30 personas\/semana<\/p><p>Los talleres est\u00e1n abiertos a todas y todos, desde principiantes hasta experimentados.<br \/>Ser\u00e1n proporcionados en Franc\u00e9s, con la posibilidad de traducci\u00f3n colaborativa en Ingl\u00e9s, Espa\u00f1ol o Catalan si se hacer necesario.<\/p><h5>\u00a0<\/h5><h5><strong>TARIFAS \/ PAF :<\/strong><\/h5><div><u><b>Para una semana<\/b><\/u><b> <\/b><em><b>(Todo incluido: acampada, 2 comidas al d\u00eda, talleres, sesiones JAM y cuota de la asociaci\u00f3n) :<\/b><\/em><\/div><div><b>Early bird (inscripci\u00f3n antes del 30 de abril) 350\u20ac. Tarifa normal (inscripci\u00f3n despu\u00e9s del 30 abril) 390\u20ac<\/b><\/div><p>Los participantes pueden optar por venir a una de las dos semanas propuestas o a las dos (festival entero.)<\/p><p>\u23af\u23af\u23af\u23af\u23af\u23af\u23af\u23af\u23af\u23af\u23af\u23af\u23af\u23af\u23af\u23af\u23af\u23af\u23af<\/p><p><strong>\u2737Semana 1: desde el 10 hasta el 15 de agosto 2026<\/strong>: <a href=\"https:\/\/terra-contact.fr\/semaine-1\" target=\"_blank\" rel=\"noopener\">Alice Dutreuil-Nouchimowitz<\/a><br \/>Tem\u00e1tica: \u201cAnimal Ancestral\u201d<\/p><p><strong>\u2737Semana 2: desde el 17 hasta el 23 de agosto 2026<\/strong>: <a href=\"https:\/\/terra-contact.fr\/semaine-2\" target=\"_blank\" rel=\"noopener\">Matthieu Gaudeau<\/a><\/p><p>Tem\u00e1tica: \u201cFicciones animales\u201d<\/p><p>&#8212;&#8212;&#8212;&#8212;&#8212;&#8212;&#8212;&#8212;-<\/p><p>\u2013 <strong>Una jam cada noche<\/strong> acompa\u00f1ada por los grillos y por la dulzura nocturna del paisaje.<\/p><p>\u2013 Noches con m\u00fasicos en vivo: <a href=\"https:\/\/terra-contact.fr\/intervenants\/#lionel\" target=\"_blank\" rel=\"noopener\">Lionel Banevitch<\/a>, <a href=\"#jonathan-balmefrezol\">Jonathan Balm\u00e9fr\u00e9zole<\/a> y otras sorpresas por venir\u2026 \ud83e\ude95\ud83e\ude88\ud83e\ude89\ud83c\udfb6\ud83c\udfa4<\/p><h5>\u00a0<\/h5><h5><strong>INFORMACIONES \u00daTILES<\/strong><\/h5><p><strong><span style=\"text-decoration: underline;\">\u2737 Comida y bebida<\/span> :<\/strong><br \/>2 comidas deliciosas al d\u00eda, sanas y vegetarianas (Comida y cena)<br \/>Desayunos y snacks son de vuestra responsabilidad \ud83e\udd63<br \/>Agua de manantial para llenas las cantimploras \ud83d\udca7<br \/>Una ciudad peque\u00f1a est\u00e1 situada a 8 minutos en coche para ir de compras si se hace necesario.<br \/>Para que este encuentro sea de calidad, te rogamos consumir alcohol de manera ocasional. Gracias por participar a esta calidad.<br \/>Por turnos, cada uno participar\u00e1 a la preparaci\u00f3n de las comidas \ud83e\udd57<\/p><p><strong><span style=\"text-decoration: underline;\">\u2737 Para dormir<\/span> :<\/strong><br \/>\u26fa\ufe0f Acampada por el terreno, cada uno y cada una encontrar\u00e1 su sitio:<\/p><p>En un prado o sobre una colina, en una hamaca, en una furgo camperisada o de vivac\u2026<\/p><p><strong><span style=\"text-decoration: underline;\">\u2737 Respecto a la higiene (simple y ecol\u00f3gica)<\/span> :<\/strong><\/p><p>Ducha fresca exterior \ud83d\udebf, aseos secos, lavadora solar. Te rogamos usar un jab\u00f3n que sea lo m\u00e1s ecol\u00f3gico posible \ud83e\uddfc<\/p><p><strong><span style=\"text-decoration: underline;\">\u2737 Zona de calma<\/span> :<\/strong><\/p><p>Sal\u00f3n exterior con sof\u00e1s y vista a la monta\u00f1a (el sagrado Canig\u00f3) para contemplar el amanecer y el anochecer \ud83d\udecb\ufe0f\ud83c\udf05<\/p><p>Zona de tranquilidad con sof\u00e1s, colchones, mesas, libros, rotuladores\u2026 bajo los \u00e1rboles \ud83c\udf33<\/p><p>No dudes en llevarte instrumentos de m\u00fasica si te apetece, tambi\u00e9n para las noches de Jam!<\/p><p>Se puede que algunos gatos y otros animales salvajes vengan a visitarnos\u2026 \ud83e\udd8a\ud83d\udc08<\/p><p><strong><span style=\"text-decoration: underline;\">\u2737 La Naturaleza que nos rodea<\/span> :<\/strong><\/p><p>Unos paseos agradables en los peque\u00f1os senderos m\u00e1s abajo del terreno o en las alturas con vistas panor\u00e1micas a las monta\u00f1as, al mar a lo lejos y las rocas misteriosas \u26f0\ufe0f<\/p><p>Un cielo estrellado de los mejores \ud83c\udf20<\/p><p>Chapuzones fresquitos para refrescarse en r\u00edos (trayecto en coche): \ud83d\udca6<\/p><p>-A la sombra de los \u00e1rboles, caminata por el agua poco profunda, a 10 minutos<\/p><p>-Con rocas grandes y pozos para ba\u00f1arse, a 30 minutos<\/p><p>-Agua verde esmeralda, con arena y \u00e1rboles, ideal para nadar, a 30 minutos<\/p><p><strong><span style=\"text-decoration: underline;\">\u2737 Electricidad<\/span> :<\/strong><\/p><p>El sitio es aut\u00f3nomo en electricidad (100% paneles solares)<\/p><p>No olvidar frontales o linternas (con bater\u00edas)\u2026 \ud83d\udd26<\/p><p>Enchufes USB disponibles (enchufes 230V disponibles en funci\u00f3n de la cantidad de sol al d\u00eda)<\/p><p><strong><span style=\"text-decoration: underline;\">\u2737 OBLIGACIONES estrictas para evitar cualquier tipo de riesgos<\/span> :<br \/><\/strong>(Zona fr\u00e1gil, seca y sujeta a los incendios)<\/p><p>Fuego de acampada, candelas, incienso, etc\u2026 prohibidos<\/p><p>Espacio libre de humo por todo el terreno (pensar en vuestros parches si es necesario \ud83d\ude09)<\/p><div><p class=\"p1\" style=\"font-size: 0.8em;\"><em>Cr\u00e9dit photo : <a href=\"https:\/\/www.clairesabattie.com\/\" target=\"_blank\" rel=\"noopener\">Claire Sabatti\u00e9<\/a><br \/>(sauf photos 6 ,7,8,9)<br \/><\/em><\/p><\/div><div><p class=\"p1\" style=\"font-size: 0.8em;\">\u00a0<\/p><\/div>\t\t\t\t\t\t\t\t<\/div>\n\t\t\t\t<\/div>\n\t\t\t\t<\/div>\n\t\t<div class=\"elementor-element elementor-element-de25297 e-con-full elementor-hidden-desktop elementor-hidden-tablet e-flex e-con e-child\" data-id=\"de25297\" data-element_type=\"container\">\n\t\t<div class=\"elementor-element elementor-element-7069328 e-con-full e-flex e-con e-child\" data-id=\"7069328\" data-element_type=\"container\">\n\t\t\t\t<div class=\"elementor-element elementor-element-6ba9f85 elementor-widget__width-initial e-transform elementor-widget elementor-widget-image\" data-id=\"6ba9f85\" data-element_type=\"widget\" data-settings=\"{&quot;_transform_scale_effect&quot;:{&quot;unit&quot;:&quot;px&quot;,&quot;size&quot;:0.6,&quot;sizes&quot;:[]},&quot;_transform_scale_effect_tablet&quot;:{&quot;unit&quot;:&quot;px&quot;,&quot;size&quot;:&quot;&quot;,&quot;sizes&quot;:[]},&quot;_transform_scale_effect_mobile&quot;:{&quot;unit&quot;:&quot;px&quot;,&quot;size&quot;:&quot;&quot;,&quot;sizes&quot;:[]}}\" data-widget_type=\"image.default\">\n\t\t\t\t<div class=\"elementor-widget-container\">\n\t\t\t\t\t\t\t\t\t\t\t\t\t\t\t<img decoding=\"async\" src=\"https:\/\/terra-contact.fr\/wp-content\/uploads\/2026\/02\/ciste_200_terra-contact_2026_danse_france_pyrenees-orientales_gaudeau_nature_sauvage-wild.png\" title=\"ciste_200_terra-contact_2026_danse_france_pyrenees-orientales_gaudeau_nature_sauvage-wild\" alt=\"ciste_200_terra-contact_2026_danse_france_pyrenees-orientales_gaudeau_nature_sauvage-wild\" loading=\"lazy\" \/>\t\t\t\t\t\t\t\t\t\t\t\t\t\t\t<\/div>\n\t\t\t\t<\/div>\n\t\t\t\t<\/div>\n\t\t\t\t<div class=\"elementor-element elementor-element-88aa02b elementor-widget__width-initial elementor-widget elementor-widget-text-editor\" data-id=\"88aa02b\" data-element_type=\"widget\" data-widget_type=\"text-editor.default\">\n\t\t\t\t<div class=\"elementor-widget-container\">\n\t\t\t\t\t\t\t\t\t<h3><strong>TERRA CONTACT 2026<\/strong><\/h3><p>Plazas limitadas a 30 personas\/semana<\/p><p>Los talleres est\u00e1n abiertos a todas y todos, desde principiantes hasta experimentados.<br \/>Ser\u00e1n proporcionados en Franc\u00e9s, con la posibilidad de traducci\u00f3n colaborativa en Ingl\u00e9s, Espa\u00f1ol o Catalan si se hacer necesario.<\/p><h5>\u00a0<\/h5><h5><strong>TARIFAS \/ PAF :<\/strong><\/h5><div><u><b>Para una semana<\/b><\/u><b> <\/b><em><b>(Todo incluido: acampada, 2 comidas al d\u00eda, talleres, sesiones JAM y cuota de la asociaci\u00f3n) :<\/b><\/em><\/div><div><b>Early bird (inscripci\u00f3n antes del 30 de abril) 350\u20ac. Tarifa normal (inscripci\u00f3n despu\u00e9s del 30 abril) 390\u20ac<\/b><\/div><p>Los participantes pueden optar por venir a una de las dos semanas propuestas o a las dos (festival entero.)<\/p><p>\u23af\u23af\u23af\u23af\u23af\u23af\u23af\u23af\u23af\u23af\u23af\u23af\u23af\u23af\u23af\u23af\u23af\u23af\u23af<\/p><p><strong>\u2737Semana 1: desde el 10 hasta el 15 de agosto 2026<\/strong>: <a href=\"https:\/\/terra-contact.fr\/semaine-1\" target=\"_blank\" rel=\"noopener\">Alice Dutreuil-Nouchimowitz<\/a><br \/>Tem\u00e1tica: \u201cAnimal Ancestral\u201d<\/p><p><strong>\u2737Semana 2: desde el 17 hasta el 23 de agosto 2026<\/strong>: <a href=\"https:\/\/terra-contact.fr\/semaine-2\" target=\"_blank\" rel=\"noopener\">Matthieu Gaudeau<\/a><\/p><p>Tem\u00e1tica: \u201cFicciones animales\u201d<\/p><p>&#8212;&#8212;&#8212;&#8212;&#8212;&#8212;&#8212;&#8212;-<\/p><p>\u2013 <strong>Una jam cada noche<\/strong> acompa\u00f1ada por los grillos y por la dulzura nocturna del paisaje.<\/p><p>\u2013 Noches con m\u00fasicos en vivo: <a href=\"https:\/\/terra-contact.fr\/intervenants\/#lionel\" target=\"_blank\" rel=\"noopener\">Lionel Banevitch<\/a>, <a href=\"#jonathan-balmefrezol\">Jonathan Balm\u00e9fr\u00e9zole<\/a> y otras sorpresas por venir\u2026 \ud83e\ude95\ud83e\ude88\ud83e\ude89\ud83c\udfb6\ud83c\udfa4<\/p><h5>\u00a0<\/h5><h5><strong>INFORMACIONES \u00daTILES<\/strong><\/h5><p><strong><span style=\"text-decoration: underline;\">\u2737 Comida y bebida<\/span> :<\/strong><br \/>2 comidas deliciosas al d\u00eda, sanas y vegetarianas (Comida y cena)<br \/>Desayunos y snacks son de vuestra responsabilidad \ud83e\udd63<br \/>Agua de manantial para llenas las cantimploras \ud83d\udca7<br \/>Una ciudad peque\u00f1a est\u00e1 situada a 8 minutos en coche para ir de compras si se hace necesario.<br \/>Para que este encuentro sea de calidad, te rogamos consumir alcohol de manera ocasional. Gracias por participar a esta calidad.<br \/>Por turnos, cada uno participar\u00e1 a la preparaci\u00f3n de las comidas \ud83e\udd57<\/p><p><strong><span style=\"text-decoration: underline;\">\u2737 Para dormir<\/span> :<\/strong><br \/>\u26fa\ufe0f Acampada por el terreno, cada uno y cada una encontrar\u00e1 su sitio:<\/p><p>En un prado o sobre una colina, en una hamaca, en una furgo camperisada o de vivac\u2026<\/p><p><strong><span style=\"text-decoration: underline;\">\u2737 Respecto a la higiene (simple y ecol\u00f3gica)<\/span> :<\/strong><\/p><p>Ducha fresca exterior \ud83d\udebf, aseos secos, lavadora solar. Te rogamos usar un jab\u00f3n que sea lo m\u00e1s ecol\u00f3gico posible \ud83e\uddfc<\/p><p><strong><span style=\"text-decoration: underline;\">\u2737 Zona de calma<\/span> :<\/strong><\/p><p>Sal\u00f3n exterior con sof\u00e1s y vista a la monta\u00f1a (el sagrado Canig\u00f3) para contemplar el amanecer y el anochecer \ud83d\udecb\ufe0f\ud83c\udf05<\/p><p>Zona de tranquilidad con sof\u00e1s, colchones, mesas, libros, rotuladores\u2026 bajo los \u00e1rboles \ud83c\udf33<\/p><p>No dudes en llevarte instrumentos de m\u00fasica si te apetece, tambi\u00e9n para las noches de Jam!<\/p><p>Se puede que algunos gatos y otros animales salvajes vengan a visitarnos\u2026 \ud83e\udd8a\ud83d\udc08<\/p><p><strong><span style=\"text-decoration: underline;\">\u2737 La Naturaleza que nos rodea<\/span> :<\/strong><\/p><p>Unos paseos agradables en los peque\u00f1os senderos m\u00e1s abajo del terreno o en las alturas con vistas panor\u00e1micas a las monta\u00f1as, al mar a lo lejos y las rocas misteriosas \u26f0\ufe0f<\/p><p>Un cielo estrellado de los mejores \ud83c\udf20<\/p><p>Chapuzones fresquitos para refrescarse en r\u00edos (trayecto en coche): \ud83d\udca6<\/p><p>-A la sombra de los \u00e1rboles, caminata por el agua poco profunda, a 10 minutos<\/p><p>-Con rocas grandes y pozos para ba\u00f1arse, a 30 minutos<\/p><p>-Agua verde esmeralda, con arena y \u00e1rboles, ideal para nadar, a 30 minutos<\/p><p><strong><span style=\"text-decoration: underline;\">\u2737 Electricidad<\/span> :<\/strong><\/p><p>El sitio es aut\u00f3nomo en electricidad (100% paneles solares)<\/p><p>No olvidar frontales o linternas (con bater\u00edas)\u2026 \ud83d\udd26<\/p><p>Enchufes USB disponibles (enchufes 230V disponibles en funci\u00f3n de la cantidad de sol al d\u00eda)<\/p><p><strong><span style=\"text-decoration: underline;\">\u2737 OBLIGACIONES estrictas para evitar cualquier tipo de riesgos<\/span> :<br \/><\/strong>(Zona fr\u00e1gil, seca y sujeta a los incendios)<\/p><p>Fuego de acampada, candelas, incienso, etc\u2026 prohibidos<\/p><p>Espacio libre de humo por todo el terreno (pensar en vuestros parches si es necesario \ud83d\ude09)<\/p><div><p class=\"p1\" style=\"font-size: 0.8em;\"><em>Cr\u00e9dit photo : <a href=\"https:\/\/www.clairesabattie.com\/\" target=\"_blank\" rel=\"noopener\">Claire Sabatti\u00e9<\/a><br \/>(sauf photos 6 ,7,8,9)<\/em><\/p><\/div>\t\t\t\t\t\t\t\t<\/div>\n\t\t\t\t<\/div>\n\t\t\t\t<\/div>\n\t\t<div class=\"elementor-element elementor-element-cfcaf73 e-con-full e-flex e-con e-child\" data-id=\"cfcaf73\" data-element_type=\"container\">\n\t\t\t\t<div class=\"elementor-element elementor-element-61a1bdf elementor-widget__width-initial elementor-widget elementor-widget-image\" data-id=\"61a1bdf\" data-element_type=\"widget\" data-widget_type=\"image.default\">\n\t\t\t\t<div class=\"elementor-widget-container\">\n\t\t\t\t\t\t\t\t\t\t\t\t\t\t\t<img fetchpriority=\"high\" decoding=\"async\" width=\"388\" height=\"802\" src=\"https:\/\/terra-contact.fr\/wp-content\/uploads\/2026\/02\/cuisine-1-terra-contact-impro-danse.jpg\" class=\"attachment-medium_large size-medium_large wp-image-7596\" alt=\"\" srcset=\"https:\/\/terra-contact.fr\/wp-content\/uploads\/2026\/02\/cuisine-1-terra-contact-impro-danse.jpg 388w, https:\/\/terra-contact.fr\/wp-content\/uploads\/2026\/02\/cuisine-1-terra-contact-impro-danse-145x300.jpg 145w\" sizes=\"(max-width: 388px) 100vw, 388px\" \/>\t\t\t\t\t\t\t\t\t\t\t\t\t\t\t<\/div>\n\t\t\t\t<\/div>\n\t\t\t\t<div class=\"elementor-element elementor-element-7d4fc60 elementor-widget__width-initial elementor-widget elementor-widget-image\" data-id=\"7d4fc60\" data-element_type=\"widget\" data-widget_type=\"image.default\">\n\t\t\t\t<div class=\"elementor-widget-container\">\n\t\t\t\t\t\t\t\t\t\t\t\t\t\t\t<img decoding=\"async\" width=\"498\" height=\"592\" src=\"https:\/\/terra-contact.fr\/wp-content\/uploads\/2026\/02\/chene_1_reverse_terra-contact_2026_danse_france_pyrenees-orientales_gaudeau_nature_sauvage-wild.png\" class=\"attachment-medium_large size-medium_large wp-image-7408\" alt=\"\" srcset=\"https:\/\/terra-contact.fr\/wp-content\/uploads\/2026\/02\/chene_1_reverse_terra-contact_2026_danse_france_pyrenees-orientales_gaudeau_nature_sauvage-wild.png 498w, https:\/\/terra-contact.fr\/wp-content\/uploads\/2026\/02\/chene_1_reverse_terra-contact_2026_danse_france_pyrenees-orientales_gaudeau_nature_sauvage-wild-252x300.png 252w\" sizes=\"(max-width: 498px) 100vw, 498px\" \/>\t\t\t\t\t\t\t\t\t\t\t\t\t\t\t<\/div>\n\t\t\t\t<\/div>\n\t\t\t\t<div class=\"elementor-element elementor-element-a11510b elementor-widget__width-initial elementor-hidden-mobile elementor-widget elementor-widget-image\" data-id=\"a11510b\" data-element_type=\"widget\" data-widget_type=\"image.default\">\n\t\t\t\t<div class=\"elementor-widget-container\">\n\t\t\t\t\t\t\t\t\t\t\t\t\t\t\t<img decoding=\"async\" width=\"150\" height=\"150\" src=\"https:\/\/terra-contact.fr\/wp-content\/uploads\/2026\/02\/ciste_blanche_terra-contact_2026_danse_france_pyrenees-orientales_gaudeau_nature_sauvage-wild-150x150.png\" class=\"attachment-thumbnail size-thumbnail wp-image-7406\" alt=\"\" \/>\t\t\t\t\t\t\t\t\t\t\t\t\t\t\t<\/div>\n\t\t\t\t<\/div>\n\t\t\t\t<div class=\"elementor-element elementor-element-bff709c e-transform elementor-widget elementor-widget-image\" data-id=\"bff709c\" data-element_type=\"widget\" data-settings=\"{&quot;_transform_scale_effect&quot;:{&quot;unit&quot;:&quot;px&quot;,&quot;size&quot;:0.4,&quot;sizes&quot;:[]},&quot;_transform_scale_effect_tablet&quot;:{&quot;unit&quot;:&quot;px&quot;,&quot;size&quot;:&quot;&quot;,&quot;sizes&quot;:[]},&quot;_transform_scale_effect_mobile&quot;:{&quot;unit&quot;:&quot;px&quot;,&quot;size&quot;:&quot;&quot;,&quot;sizes&quot;:[]}}\" data-widget_type=\"image.default\">\n\t\t\t\t<div class=\"elementor-widget-container\">\n\t\t\t\t\t\t\t\t\t\t\t\t\t\t\t<img loading=\"lazy\" decoding=\"async\" width=\"269\" height=\"228\" src=\"https:\/\/terra-contact.fr\/wp-content\/uploads\/2026\/02\/loriot-vers-gauche-Terra-contact_2026_danse_france_pyrenees-orientales_nature_sauvage-wild.png\" class=\"attachment-large size-large wp-image-7630\" alt=\"\" \/>\t\t\t\t\t\t\t\t\t\t\t\t\t\t\t<\/div>\n\t\t\t\t<\/div>\n\t\t\t\t<div class=\"elementor-element elementor-element-3430bb6 elementor-widget elementor-widget-image\" data-id=\"3430bb6\" data-element_type=\"widget\" data-widget_type=\"image.default\">\n\t\t\t\t<div class=\"elementor-widget-container\">\n\t\t\t\t\t\t\t\t\t\t\t\t\t\t\t<img loading=\"lazy\" decoding=\"async\" width=\"389\" height=\"802\" src=\"https:\/\/terra-contact.fr\/wp-content\/uploads\/2026\/02\/lieu-1-terra-contact-impro-danse.jpg\" class=\"attachment-large size-large wp-image-7611\" alt=\"\" srcset=\"https:\/\/terra-contact.fr\/wp-content\/uploads\/2026\/02\/lieu-1-terra-contact-impro-danse.jpg 389w, https:\/\/terra-contact.fr\/wp-content\/uploads\/2026\/02\/lieu-1-terra-contact-impro-danse-146x300.jpg 146w\" sizes=\"(max-width: 389px) 100vw, 389px\" \/>\t\t\t\t\t\t\t\t\t\t\t\t\t\t\t<\/div>\n\t\t\t\t<\/div>\n\t\t<div class=\"elementor-element elementor-element-a487fc4 e-con-full e-flex e-con e-child\" data-id=\"a487fc4\" data-element_type=\"container\">\n\t\t\t\t<div class=\"elementor-element elementor-element-22ae5f0 elementor-widget elementor-widget-image\" data-id=\"22ae5f0\" data-element_type=\"widget\" data-widget_type=\"image.default\">\n\t\t\t\t<div class=\"elementor-widget-container\">\n\t\t\t\t\t\t\t\t\t\t\t\t\t\t\t<img loading=\"lazy\" decoding=\"async\" width=\"389\" height=\"802\" src=\"https:\/\/terra-contact.fr\/wp-content\/uploads\/2026\/02\/mix3-nature-wild-terra-contact-impro-festival-copie.jpg\" class=\"attachment-large size-large wp-image-7865\" alt=\"\" srcset=\"https:\/\/terra-contact.fr\/wp-content\/uploads\/2026\/02\/mix3-nature-wild-terra-contact-impro-festival-copie.jpg 389w, https:\/\/terra-contact.fr\/wp-content\/uploads\/2026\/02\/mix3-nature-wild-terra-contact-impro-festival-copie-146x300.jpg 146w\" sizes=\"(max-width: 389px) 100vw, 389px\" \/>\t\t\t\t\t\t\t\t\t\t\t\t\t\t\t<\/div>\n\t\t\t\t<\/div>\n\t\t\t\t<\/div>\n\t\t\t\t<\/div>\n\t\t\t\t\t<\/div>\n\t\t\t\t<\/div>\n\t\t<div class=\"elementor-element elementor-element-e266401 e-flex e-con-boxed e-con e-parent\" data-id=\"e266401\" data-element_type=\"container\">\n\t\t\t\t\t<div class=\"e-con-inner\">\n\t\t\t\t\t<\/div>\n\t\t\t\t<\/div>\n\t\t<div class=\"elementor-element elementor-element-6c90d77 e-flex e-con-boxed e-con e-parent\" data-id=\"6c90d77\" data-element_type=\"container\">\n\t\t\t\t\t<div class=\"e-con-inner\">\n\t\t\t\t\t<\/div>\n\t\t\t\t<\/div>\n\t\t\t\t<\/div>\n\t\t","protected":false},"excerpt":{"rendered":"<p>TERRA CONTACT 2026 Th\u00e8me : retour \u00e0 l&#8217;instinct Places limit\u00e9es \u00e0 30 personnes \/ semaine Les ateliers sont ouverts \u00e0 toutes les personnes, d\u00e9butantes comme exp\u00e9riment\u00e9es. Ils seront en fran\u00e7ais, avec une traduction collaborative en anglais, catalan ou espagnol si n\u00e9cessaire. &nbsp; TARIFS \/ PAF :&nbsp; Pour une semaine ( tout compris : camping , [&hellip;]<\/p>\n","protected":false},"author":1,"featured_media":0,"parent":0,"menu_order":0,"comment_status":"closed","ping_status":"closed","template":"","meta":{"site-sidebar-layout":"no-sidebar","site-content-layout":"page-builder","ast-site-content-layout":"full-width-container","site-content-style":"default","site-sidebar-style":"default","ast-global-header-display":"","ast-banner-title-visibility":"","ast-main-header-display":"","ast-hfb-above-header-display":"","ast-hfb-below-header-display":"","ast-hfb-mobile-header-display":"","site-post-title":"disabled","ast-breadcrumbs-content":"","ast-featured-img":"disabled","footer-sml-layout":"","theme-transparent-header-meta":"","adv-header-id-meta":"","stick-header-meta":"","header-above-stick-meta":"","header-main-stick-meta":"","header-below-stick-meta":"","astra-migrate-meta-layouts":"set","ast-page-background-enabled":"default","ast-page-background-meta":{"desktop":{"background-color":"var(--ast-global-color-4)","background-image":"","background-repeat":"repeat","background-position":"center center","background-size":"auto","background-attachment":"scroll","background-type":"","background-media":"","overlay-type":"","overlay-color":"","overlay-opacity":"","overlay-gradient":""},"tablet":{"background-color":"","background-image":"","background-repeat":"repeat","background-position":"center center","background-size":"auto","background-attachment":"scroll","background-type":"","background-media":"","overlay-type":"","overlay-color":"","overlay-opacity":"","overlay-gradient":""},"mobile":{"background-color":"","background-image":"","background-repeat":"repeat","background-position":"center center","background-size":"auto","background-attachment":"scroll","background-type":"","background-media":"","overlay-type":"","overlay-color":"","overlay-opacity":"","overlay-gradient":""}},"ast-content-background-meta":{"desktop":{"background-color":"var(--ast-global-color-5)","background-image":"","background-repeat":"repeat","background-position":"center center","background-size":"auto","background-attachment":"scroll","background-type":"","background-media":"","overlay-type":"","overlay-color":"","overlay-opacity":"","overlay-gradient":""},"tablet":{"background-color":"var(--ast-global-color-5)","background-image":"","background-repeat":"repeat","background-position":"center center","background-size":"auto","background-attachment":"scroll","background-type":"","background-media":"","overlay-type":"","overlay-color":"","overlay-opacity":"","overlay-gradient":""},"mobile":{"background-color":"var(--ast-global-color-5)","background-image":"","background-repeat":"repeat","background-position":"center center","background-size":"auto","background-attachment":"scroll","background-type":"","background-media":"","overlay-type":"","overlay-color":"","overlay-opacity":"","overlay-gradient":""}},"footnotes":""},"class_list":["post-4025","page","type-page","status-publish","hentry"],"_links":{"self":[{"href":"https:\/\/terra-contact.fr\/es\/wp-json\/wp\/v2\/pages\/4025","targetHints":{"allow":["GET"]}}],"collection":[{"href":"https:\/\/terra-contact.fr\/es\/wp-json\/wp\/v2\/pages"}],"about":[{"href":"https:\/\/terra-contact.fr\/es\/wp-json\/wp\/v2\/types\/page"}],"author":[{"embeddable":true,"href":"https:\/\/terra-contact.fr\/es\/wp-json\/wp\/v2\/users\/1"}],"replies":[{"embeddable":true,"href":"https:\/\/terra-contact.fr\/es\/wp-json\/wp\/v2\/comments?post=4025"}],"version-history":[{"count":393,"href":"https:\/\/terra-contact.fr\/es\/wp-json\/wp\/v2\/pages\/4025\/revisions"}],"predecessor-version":[{"id":9579,"href":"https:\/\/terra-contact.fr\/es\/wp-json\/wp\/v2\/pages\/4025\/revisions\/9579"}],"wp:attachment":[{"href":"https:\/\/terra-contact.fr\/es\/wp-json\/wp\/v2\/media?parent=4025"}],"curies":[{"name":"wp","href":"https:\/\/api.w.org\/{rel}","templated":true}]}}