{"id":6916,"date":"2025-06-22T20:20:04","date_gmt":"2025-06-22T18:20:04","guid":{"rendered":"https:\/\/terra-contact.fr\/?page_id=6916"},"modified":"2026-03-18T19:48:04","modified_gmt":"2026-03-18T18:48:04","slug":"semaine-1","status":"publish","type":"page","link":"https:\/\/terra-contact.fr\/ca\/semaine-1\/","title":{"rendered":"semaine-1"},"content":{"rendered":"\t\t<div data-elementor-type=\"wp-page\" data-elementor-id=\"6916\" class=\"elementor elementor-6916\">\n\t\t\t\t<div class=\"elementor-element elementor-element-cb367be e-flex e-con-boxed e-con e-parent\" data-id=\"cb367be\" data-element_type=\"container\">\n\t\t\t\t\t<div class=\"e-con-inner\">\n\t\t<div class=\"elementor-element elementor-element-14e194d9 e-con-full e-flex e-con e-child\" data-id=\"14e194d9\" data-element_type=\"container\">\n\t\t\t\t<div class=\"elementor-element elementor-element-64c690 e-transform elementor-hidden-mobile elementor-hidden-tablet elementor-widget elementor-widget-text-editor\" data-id=\"64c690\" data-element_type=\"widget\" data-settings=\"{&quot;_transform_scale_effect&quot;:{&quot;unit&quot;:&quot;px&quot;,&quot;size&quot;:1.2,&quot;sizes&quot;:[]},&quot;_transform_scale_effect_tablet&quot;:{&quot;unit&quot;:&quot;px&quot;,&quot;size&quot;:&quot;&quot;,&quot;sizes&quot;:[]},&quot;_transform_scale_effect_mobile&quot;:{&quot;unit&quot;:&quot;px&quot;,&quot;size&quot;:&quot;&quot;,&quot;sizes&quot;:[]}}\" data-widget_type=\"text-editor.default\">\n\t\t\t\t<div class=\"elementor-widget-container\">\n\t\t\t\t\t\t\t\t\t<h5><strong>Primera semana del 10 al 15 de agosto de 2026<\/strong><br \/><strong>Con Alice Dutreuil Nouchimowitz<\/strong><\/h5><p>.<\/p>\t\t\t\t\t\t\t\t<\/div>\n\t\t\t\t<\/div>\n\t\t\t\t<\/div>\n\t\t<div class=\"elementor-element elementor-element-4ec431d9 e-con-full e-flex e-con e-child\" data-id=\"4ec431d9\" data-element_type=\"container\">\n\t\t\t\t<div class=\"elementor-element elementor-element-209df75d elementor-widget__width-initial e-transform elementor-hidden-mobile elementor-widget elementor-widget-image\" data-id=\"209df75d\" data-element_type=\"widget\" data-settings=\"{&quot;_transform_scale_effect&quot;:{&quot;unit&quot;:&quot;px&quot;,&quot;size&quot;:1.5,&quot;sizes&quot;:[]},&quot;_transform_scale_effect_tablet&quot;:{&quot;unit&quot;:&quot;px&quot;,&quot;size&quot;:&quot;&quot;,&quot;sizes&quot;:[]},&quot;_transform_scale_effect_mobile&quot;:{&quot;unit&quot;:&quot;px&quot;,&quot;size&quot;:&quot;&quot;,&quot;sizes&quot;:[]}}\" data-widget_type=\"image.default\">\n\t\t\t\t<div class=\"elementor-widget-container\">\n\t\t\t\t\t\t\t\t\t\t\t\t\t\t\t<img fetchpriority=\"high\" decoding=\"async\" width=\"300\" height=\"258\" src=\"https:\/\/terra-contact.fr\/wp-content\/uploads\/2026\/02\/ciste_blanche_terra-contact_2026_danse_france_pyrenees-orientales_gaudeau_nature_sauvage-wild-300x258.png\" class=\"attachment-medium size-medium wp-image-7406\" alt=\"\" srcset=\"https:\/\/terra-contact.fr\/wp-content\/uploads\/2026\/02\/ciste_blanche_terra-contact_2026_danse_france_pyrenees-orientales_gaudeau_nature_sauvage-wild-300x258.png 300w, https:\/\/terra-contact.fr\/wp-content\/uploads\/2026\/02\/ciste_blanche_terra-contact_2026_danse_france_pyrenees-orientales_gaudeau_nature_sauvage-wild.png 483w\" sizes=\"(max-width: 300px) 100vw, 300px\" \/>\t\t\t\t\t\t\t\t\t\t\t\t\t\t\t<\/div>\n\t\t\t\t<\/div>\n\t\t\t\t<\/div>\n\t\t<div class=\"elementor-element elementor-element-f849551 e-con-full e-flex e-con e-child\" data-id=\"f849551\" data-element_type=\"container\">\n\t\t\t\t<div class=\"elementor-element elementor-element-20e83fef elementor-widget elementor-widget-image\" data-id=\"20e83fef\" data-element_type=\"widget\" data-widget_type=\"image.default\">\n\t\t\t\t<div class=\"elementor-widget-container\">\n\t\t\t\t\t\t\t\t\t\t\t\t\t\t\t<img decoding=\"async\" width=\"821\" height=\"1024\" src=\"https:\/\/terra-contact.fr\/wp-content\/uploads\/2025\/03\/Alice-terra-contact-impro-3-821x1024.jpg\" class=\"attachment-large size-large wp-image-6383\" alt=\"\" srcset=\"https:\/\/terra-contact.fr\/wp-content\/uploads\/2025\/03\/Alice-terra-contact-impro-3-821x1024.jpg 821w, https:\/\/terra-contact.fr\/wp-content\/uploads\/2025\/03\/Alice-terra-contact-impro-3-240x300.jpg 240w, https:\/\/terra-contact.fr\/wp-content\/uploads\/2025\/03\/Alice-terra-contact-impro-3-768x958.jpg 768w, https:\/\/terra-contact.fr\/wp-content\/uploads\/2025\/03\/Alice-terra-contact-impro-3.jpg 852w\" sizes=\"(max-width: 821px) 100vw, 821px\" \/>\t\t\t\t\t\t\t\t\t\t\t\t\t\t\t<\/div>\n\t\t\t\t<\/div>\n\t\t\t\t<\/div>\n\t\t<div class=\"elementor-element elementor-element-598ff021 e-con-full e-flex e-con e-child\" data-id=\"598ff021\" data-element_type=\"container\">\n\t\t\t\t<div class=\"elementor-element elementor-element-4eca907b elementor-hidden-mobile elementor-widget elementor-widget-text-editor\" data-id=\"4eca907b\" data-element_type=\"widget\" data-widget_type=\"text-editor.default\">\n\t\t\t\t<div class=\"elementor-widget-container\">\n\t\t\t\t\t\t\t\t\t<h4><strong>ANIMAL ANCESTRAL<\/strong><\/h4><h6 class=\"p1\"><strong>Tornada a l&#8217;instint\u2026<\/strong><\/h6><p class=\"p1\"><strong><a href=\"#programme-alice-dutreuil-nouchimowitz\">Veure el programa detallat de la setmana<\/a><\/strong><\/p><p class=\"p1\">Qu\u00e8 significa per a vosaltres l&#8217;instint? Tornar-hi implica que ens n&#8217;hem desviat\u2026<\/p><p class=\"p1\">Per a mi, el concepte &#8220;Tornada a l&#8217;Instint&#8221; del festival inspira una immersi\u00f3 profunda en els nostres cossos animals.<\/p><p class=\"p1\">L&#8217;instint permet als animals sentir una tempesta que ve des de quil\u00f2metres de dist\u00e0ncia, anticipar-la, refugiar-se, perqu\u00e8 la vida pugui continuar. Instintivament, podem percebre el que est\u00e0 passant per\u00f2 encara no \u00e9s visible, adaptar-nos al que \u00e9s imprevist o imprevisible.<\/p><p class=\"p1\"><strong>\u00c9s el cos instintiu el que ens permet afrontar el perill i assumir riscos, i tamb\u00e9 crear vida.<\/strong> Cont\u00e9 les nostres hist\u00f2ries, tant personals com col\u00b7lectives. En permetre&#8217;ns trobar menjar, refugi per nodrir-nos i escoltar els cicles de la vida, dins nostre i al nostre voltant, fa possible la superviv\u00e8ncia i la vida.<\/p><p class=\"p1\"><strong>Aquesta setmana a la natura ser\u00e0, per tant, una invitaci\u00f3 a aprofundir m\u00e9s en la nostra naturalesa animal.<\/strong><\/p><p class=\"p1\">A trav\u00e9s de l&#8217;aguditzaci\u00f3 dels nostres sentits i percepcions, a trav\u00e9s de temps de connexi\u00f3 i exploraci\u00f3 &#8220;in vivo&#8221;, desenvoluparem la nostra capacitat per interactuar coherentment amb el que \u00e9s present, en termes de ritme, velocitat, gest i to. A trav\u00e9s del massatge i el moviment, permetrem que els nostres cossos alliberin la tensi\u00f3, es tornin m\u00e9s flexibles i oberts, i estiguin disponibles per al que \u00e9s present.<\/p><p class=\"p1\">Convidarem a l&#8217;escolta, al joc i fins i tot a una mica de &#8220;brusquedat&#8221; <strong>per redescobrir el plaer d&#8217;un cos que es comunica de manera compromesa amb si mateix, amb els altres i amb el seu <\/strong><strong>entorn. Tamb\u00e9 formarem un grup i cocrearem la dansa.<\/strong><\/p><p class=\"p1\"><a href=\"https:\/\/terra-contact.fr\/es\/semaine-2\/\">Veure la segona setmana amb Matthieu Gaudeau<\/a><\/p><p class=\"p1\">Cr\u00e8dit de la foto: <a href=\"https:\/\/helenetoulet.com\/\" target=\"_blank\" rel=\"noopener\">H\u00e9l\u00e8ne Toulet<\/a><\/p>\t\t\t\t\t\t\t\t<\/div>\n\t\t\t\t<\/div>\n\t\t\t\t<div class=\"elementor-element elementor-element-24e50b7c elementor-hidden-desktop elementor-widget elementor-widget-text-editor\" data-id=\"24e50b7c\" data-element_type=\"widget\" data-widget_type=\"text-editor.default\">\n\t\t\t\t<div class=\"elementor-widget-container\">\n\t\t\t\t\t\t\t\t\t<h4><strong>ANIMAL ANCESTRAL<\/strong><\/h4><h6 class=\"p1\"><strong>Tornada a l&#8217;instint\u2026<\/strong><\/h6><p class=\"p1\"><a href=\"#programme-alice-dutreuil-nouchimowitz\">Veure el programa detallat de la setmana<\/a><\/p><p class=\"p1\">Qu\u00e8 significa per a vosaltres l&#8217;instint? Tornar-hi implica que ens n&#8217;hem desviat\u2026<\/p><p class=\"p1\">Per a mi, el concepte &#8220;Tornada a l&#8217;Instint&#8221; del festival inspira una immersi\u00f3 profunda en els nostres cossos animals.<\/p><p class=\"p1\">L&#8217;instint permet als animals sentir una tempesta que ve des de quil\u00f2metres de dist\u00e0ncia, anticipar-la,<\/p><p class=\"p1\">refugiar-se, perqu\u00e8 la vida pugui continuar. Instintivament, podem percebre el que est\u00e0 passant per\u00f2 encara no \u00e9s visible, adaptar-nos al que \u00e9s imprevist o imprevisible.<\/p><p class=\"p1\"><strong>\u00c9s el cos instintiu el que ens permet afrontar el perill i assumir riscos, i tamb\u00e9 crear vida.<\/strong> Cont\u00e9 les nostres hist\u00f2ries, tant personals com col\u00b7lectives. En permetre&#8217;ns trobar menjar, refugi per nodrir-nos i escoltar els cicles de la vida, dins nostre i al nostre voltant, fa possible la superviv\u00e8ncia i la vida.<\/p><p class=\"p1\">        <div class=\"rmwr-wrapper\" \n             data-id=\"rmwr-69ef9dec93317\"\n             data-mode=\"normal\"\n             data-animation=\"fade\"\n             data-duration=\"300\"\n             data-smooth-scroll=\"true\"\n             data-scroll-offset=\"0\">\n            <button \n                type=\"button\"\n                class=\"read-link\" \n                id=\"readlinkrmwr-69ef9dec93317\"\n                data-open-text=\"Lire plus\"\n                data-close-text=\"Lire moins\"\n                aria-expanded=\"false\"\n                aria-controls=\"readrmwr-69ef9dec93317\"\n                aria-label=\"Lire plus\"\n            >\n                <span class=\"rmwr-text\">Lire plus<\/span>\n            <\/button>\n            <div \n                class=\"read_div\" \n                id=\"readrmwr-69ef9dec93317\"\n                aria-hidden=\"true\"\n                data-animation=\"fade\"\n                data-duration=\"300\"\n                style=\"display: none;\"\n            >\n                <\/p><p class=\"p1\"><strong>Aquesta setmana a la natura ser\u00e0, per tant, una invitaci\u00f3 a aprofundir m\u00e9s en la nostra naturalesa animal.<\/strong> A trav\u00e9s de l&#8217;aguditzaci\u00f3 dels nostres sentits i percepcions, a trav\u00e9s de temps de connexi\u00f3 i exploraci\u00f3 &#8220;in vivo&#8221;, desenvoluparem la nostra capacitat per interactuar coherentment amb el que \u00e9s present, en termes de ritme, velocitat, gest i to. A trav\u00e9s del massatge i el moviment, permetrem que els nostres cossos alliberin la tensi\u00f3, es tornin m\u00e9s flexibles i oberts, i estiguin disponibles per al que \u00e9s present. Convidarem a l&#8217;escolta, al joc i fins i tot a una mica de &#8220;brusquedat&#8221; <strong>per redescobrir el plaer d&#8217;un cos que es comunica de manera compromesa amb si mateix, amb els altres i amb el seu <\/strong><strong>entorn. Tamb\u00e9 formarem un grup i cocrearem la dansa.<\/strong><\/p><p class=\"p1\">            <\/div>\n        <\/div>\n        <\/p><p class=\"p1\"><a href=\"https:\/\/terra-contact.fr\/ca\/semaine-2\/\">Veure la segona setmana amb Matthieu Gaudeau<\/a><\/p><p class=\"p1\">Cr\u00e8dit de la foto: <a href=\"https:\/\/helenetoulet.com\/\" target=\"_blank\" rel=\"noopener\">H\u00e9l\u00e8ne Toulet<\/a><\/p>\t\t\t\t\t\t\t\t<\/div>\n\t\t\t\t<\/div>\n\t\t\t\t<\/div>\n\t\t<div class=\"elementor-element elementor-element-2df9945 e-con-full e-flex e-con e-child\" data-id=\"2df9945\" data-element_type=\"container\">\n\t\t\t\t<div class=\"elementor-element elementor-element-162f0e5b elementor-hidden-mobile elementor-hidden-tablet elementor-widget elementor-widget-image\" data-id=\"162f0e5b\" data-element_type=\"widget\" data-widget_type=\"image.default\">\n\t\t\t\t<div class=\"elementor-widget-container\">\n\t\t\t\t\t\t\t\t\t\t\t\t\t\t\t<img decoding=\"async\" width=\"275\" height=\"300\" src=\"https:\/\/terra-contact.fr\/wp-content\/uploads\/2026\/02\/danseuses_terra-contact_2026_danse_france_pyrenees-orientales_gaudeau_nature_sauvage-wild-275x300.png\" class=\"attachment-medium size-medium wp-image-7402\" alt=\"\" srcset=\"https:\/\/terra-contact.fr\/wp-content\/uploads\/2026\/02\/danseuses_terra-contact_2026_danse_france_pyrenees-orientales_gaudeau_nature_sauvage-wild-275x300.png 275w, https:\/\/terra-contact.fr\/wp-content\/uploads\/2026\/02\/danseuses_terra-contact_2026_danse_france_pyrenees-orientales_gaudeau_nature_sauvage-wild.png 505w\" sizes=\"(max-width: 275px) 100vw, 275px\" \/>\t\t\t\t\t\t\t\t\t\t\t\t\t\t\t<\/div>\n\t\t\t\t<\/div>\n\t\t\t\t<\/div>\n\t\t<div class=\"elementor-element elementor-element-606469c4 e-con-full e-flex e-con e-child\" data-id=\"606469c4\" data-element_type=\"container\">\n\t\t\t\t<\/div>\n\t\t\t\t\t<\/div>\n\t\t\t\t<\/div>\n\t\t<div class=\"elementor-element elementor-element-168f0a7 e-flex e-con-boxed e-con e-parent\" data-id=\"168f0a7\" data-element_type=\"container\">\n\t\t\t\t\t<div class=\"e-con-inner\">\n\t\t\t\t<div class=\"elementor-element elementor-element-fbc4492 elementor-widget elementor-widget-menu-anchor\" data-id=\"fbc4492\" data-element_type=\"widget\" data-widget_type=\"menu-anchor.default\">\n\t\t\t\t<div class=\"elementor-widget-container\">\n\t\t\t\t\t\t\t<div class=\"elementor-menu-anchor\" id=\"programme-alice-dutreuil-nouchimowitz\"><\/div>\n\t\t\t\t\t\t<\/div>\n\t\t\t\t<\/div>\n\t\t\t\t<div class=\"elementor-element elementor-element-e191ed5 elementor-widget elementor-widget-image\" data-id=\"e191ed5\" data-element_type=\"widget\" data-widget_type=\"image.default\">\n\t\t\t\t<div class=\"elementor-widget-container\">\n\t\t\t\t\t\t\t\t\t\t\t\t\t\t\t\t<a href=\"http:\/\/terra-contact.fr\/wp-content\/uploads\/2026\/03\/planning-semaine-1-medium-terra-contact_2026_danse_france_pyrenees-orientale_Alice_dutreuil_nouchimowitz_nature_sauvage-wild.png\" data-elementor-open-lightbox=\"yes\" data-elementor-lightbox-title=\"planning-semaine-1-medium-terra-contact_2026_danse_france_pyrenees-orientale_Alice_dutreuil_nouchimowitz_nature_sauvage-wild\" data-e-action-hash=\"#elementor-action%3Aaction%3Dlightbox%26settings%3DeyJpZCI6ODkwNCwidXJsIjoiaHR0cHM6XC9cL3RlcnJhLWNvbnRhY3QuZnJcL3dwLWNvbnRlbnRcL3VwbG9hZHNcLzIwMjZcLzAzXC9wbGFubmluZy1zZW1haW5lLTEtbWVkaXVtLXRlcnJhLWNvbnRhY3RfMjAyNl9kYW5zZV9mcmFuY2VfcHlyZW5lZXMtb3JpZW50YWxlX0FsaWNlX2R1dHJldWlsX25vdWNoaW1vd2l0el9uYXR1cmVfc2F1dmFnZS13aWxkLnBuZyJ9\">\n\t\t\t\t\t\t\t<img loading=\"lazy\" decoding=\"async\" width=\"1000\" height=\"707\" src=\"https:\/\/terra-contact.fr\/wp-content\/uploads\/2026\/03\/planning-semaine-1-medium-terra-contact_2026_danse_france_pyrenees-orientale_Alice_dutreuil_nouchimowitz_nature_sauvage-wild.png\" class=\"attachment-large size-large wp-image-8904\" alt=\"\" srcset=\"https:\/\/terra-contact.fr\/wp-content\/uploads\/2026\/03\/planning-semaine-1-medium-terra-contact_2026_danse_france_pyrenees-orientale_Alice_dutreuil_nouchimowitz_nature_sauvage-wild.png 1000w, https:\/\/terra-contact.fr\/wp-content\/uploads\/2026\/03\/planning-semaine-1-medium-terra-contact_2026_danse_france_pyrenees-orientale_Alice_dutreuil_nouchimowitz_nature_sauvage-wild-300x212.png 300w, https:\/\/terra-contact.fr\/wp-content\/uploads\/2026\/03\/planning-semaine-1-medium-terra-contact_2026_danse_france_pyrenees-orientale_Alice_dutreuil_nouchimowitz_nature_sauvage-wild-768x543.png 768w\" sizes=\"(max-width: 1000px) 100vw, 1000px\" \/>\t\t\t\t\t\t\t\t<\/a>\n\t\t\t\t\t\t\t\t\t\t\t\t\t\t\t<\/div>\n\t\t\t\t<\/div>\n\t\t\t\t\t<\/div>\n\t\t\t\t<\/div>\n\t\t<div class=\"elementor-element elementor-element-f7cc4a3 e-flex e-con-boxed e-con e-parent\" data-id=\"f7cc4a3\" data-element_type=\"container\">\n\t\t\t\t\t<div class=\"e-con-inner\">\n\t\t\t\t\t<\/div>\n\t\t\t\t<\/div>\n\t\t\t\t<\/div>\n\t\t","protected":false},"excerpt":{"rendered":"<p>Premi\u00e8re semaine du 10 au 15 Ao\u00fbt 2027Avec Alice Dutreuil Nouchimowitz ANCESTRAL ANIMAL\u00a0 Retour \u00e0 l&#8217;instinct. Voir le programme d\u00e9taill\u00e9 de la semaine C&#8217;est quoi pour toi, l&#8217;instinct ? Y revenir suppose que l&#8217;on s&#8217;en soit \u00e9loign\u00e9&#8230; De mon c\u00f4t\u00e9, la proposition de \u00ab\u00a0Retour \u00e0 l&#8217;instinct\u00a0\u00bb, faite par le festival, m&#8217;inspire un plongeon dans notre [&hellip;]<\/p>\n","protected":false},"author":1,"featured_media":0,"parent":0,"menu_order":0,"comment_status":"closed","ping_status":"closed","template":"","meta":{"site-sidebar-layout":"no-sidebar","site-content-layout":"page-builder","ast-site-content-layout":"full-width-container","site-content-style":"default","site-sidebar-style":"default","ast-global-header-display":"","ast-banner-title-visibility":"","ast-main-header-display":"","ast-hfb-above-header-display":"","ast-hfb-below-header-display":"","ast-hfb-mobile-header-display":"","site-post-title":"disabled","ast-breadcrumbs-content":"","ast-featured-img":"disabled","footer-sml-layout":"","theme-transparent-header-meta":"","adv-header-id-meta":"","stick-header-meta":"","header-above-stick-meta":"","header-main-stick-meta":"","header-below-stick-meta":"","astra-migrate-meta-layouts":"set","ast-page-background-enabled":"default","ast-page-background-meta":{"desktop":{"background-color":"var(--ast-global-color-4)","background-image":"","background-repeat":"repeat","background-position":"center center","background-size":"auto","background-attachment":"scroll","background-type":"","background-media":"","overlay-type":"","overlay-color":"","overlay-opacity":"","overlay-gradient":""},"tablet":{"background-color":"","background-image":"","background-repeat":"repeat","background-position":"center center","background-size":"auto","background-attachment":"scroll","background-type":"","background-media":"","overlay-type":"","overlay-color":"","overlay-opacity":"","overlay-gradient":""},"mobile":{"background-color":"","background-image":"","background-repeat":"repeat","background-position":"center center","background-size":"auto","background-attachment":"scroll","background-type":"","background-media":"","overlay-type":"","overlay-color":"","overlay-opacity":"","overlay-gradient":""}},"ast-content-background-meta":{"desktop":{"background-color":"var(--ast-global-color-5)","background-image":"","background-repeat":"repeat","background-position":"center center","background-size":"auto","background-attachment":"scroll","background-type":"","background-media":"","overlay-type":"","overlay-color":"","overlay-opacity":"","overlay-gradient":""},"tablet":{"background-color":"var(--ast-global-color-5)","background-image":"","background-repeat":"repeat","background-position":"center center","background-size":"auto","background-attachment":"scroll","background-type":"","background-media":"","overlay-type":"","overlay-color":"","overlay-opacity":"","overlay-gradient":""},"mobile":{"background-color":"var(--ast-global-color-5)","background-image":"","background-repeat":"repeat","background-position":"center center","background-size":"auto","background-attachment":"scroll","background-type":"","background-media":"","overlay-type":"","overlay-color":"","overlay-opacity":"","overlay-gradient":""}},"footnotes":""},"class_list":["post-6916","page","type-page","status-publish","hentry"],"_links":{"self":[{"href":"https:\/\/terra-contact.fr\/ca\/wp-json\/wp\/v2\/pages\/6916","targetHints":{"allow":["GET"]}}],"collection":[{"href":"https:\/\/terra-contact.fr\/ca\/wp-json\/wp\/v2\/pages"}],"about":[{"href":"https:\/\/terra-contact.fr\/ca\/wp-json\/wp\/v2\/types\/page"}],"author":[{"embeddable":true,"href":"https:\/\/terra-contact.fr\/ca\/wp-json\/wp\/v2\/users\/1"}],"replies":[{"embeddable":true,"href":"https:\/\/terra-contact.fr\/ca\/wp-json\/wp\/v2\/comments?post=6916"}],"version-history":[{"count":223,"href":"https:\/\/terra-contact.fr\/ca\/wp-json\/wp\/v2\/pages\/6916\/revisions"}],"predecessor-version":[{"id":9545,"href":"https:\/\/terra-contact.fr\/ca\/wp-json\/wp\/v2\/pages\/6916\/revisions\/9545"}],"wp:attachment":[{"href":"https:\/\/terra-contact.fr\/ca\/wp-json\/wp\/v2\/media?parent=6916"}],"curies":[{"name":"wp","href":"https:\/\/api.w.org\/{rel}","templated":true}]}}