{"id":2273,"date":"2024-12-20T14:22:19","date_gmt":"2024-12-20T13:22:19","guid":{"rendered":"https:\/\/terra-contact.fr\/?page_id=2273"},"modified":"2026-03-19T17:50:15","modified_gmt":"2026-03-19T16:50:15","slug":"lieu","status":"publish","type":"page","link":"https:\/\/terra-contact.fr\/ca\/lieu\/","title":{"rendered":"lieu"},"content":{"rendered":"\t\t<div data-elementor-type=\"wp-page\" data-elementor-id=\"2273\" class=\"elementor elementor-2273\">\n\t\t\t\t<div class=\"elementor-element elementor-element-df7dc56 e-flex e-con-boxed e-con e-parent\" data-id=\"df7dc56\" data-element_type=\"container\">\n\t\t\t\t\t<div class=\"e-con-inner\">\n\t\t\t\t<div class=\"elementor-element elementor-element-8bf76ba e-transform elementor-hidden-mobile elementor-widget elementor-widget-image\" data-id=\"8bf76ba\" data-element_type=\"widget\" data-settings=\"{&quot;_transform_scale_effect&quot;:{&quot;unit&quot;:&quot;px&quot;,&quot;size&quot;:0.6,&quot;sizes&quot;:[]},&quot;_transform_scale_effect_tablet&quot;:{&quot;unit&quot;:&quot;px&quot;,&quot;size&quot;:&quot;&quot;,&quot;sizes&quot;:[]},&quot;_transform_scale_effect_mobile&quot;:{&quot;unit&quot;:&quot;px&quot;,&quot;size&quot;:&quot;&quot;,&quot;sizes&quot;:[]}}\" data-widget_type=\"image.default\">\n\t\t\t\t<div class=\"elementor-widget-container\">\n\t\t\t\t\t\t\t\t\t\t\t\t\t\t\t<img fetchpriority=\"high\" decoding=\"async\" width=\"673\" height=\"465\" src=\"https:\/\/terra-contact.fr\/wp-content\/uploads\/2026\/02\/arbredanse_8-2026_TERRA_CONTACT_IMPRO_2026-danse-france-pyrenees.png\" class=\"attachment-large size-large wp-image-7963\" alt=\"\" srcset=\"https:\/\/terra-contact.fr\/wp-content\/uploads\/2026\/02\/arbredanse_8-2026_TERRA_CONTACT_IMPRO_2026-danse-france-pyrenees.png 673w, https:\/\/terra-contact.fr\/wp-content\/uploads\/2026\/02\/arbredanse_8-2026_TERRA_CONTACT_IMPRO_2026-danse-france-pyrenees-300x207.png 300w\" sizes=\"(max-width: 673px) 100vw, 673px\" \/>\t\t\t\t\t\t\t\t\t\t\t\t\t\t\t<\/div>\n\t\t\t\t<\/div>\n\t\t\t\t\t<\/div>\n\t\t\t\t<\/div>\n\t\t<div class=\"elementor-element elementor-element-1a7974f e-transform e-flex e-con-boxed e-con e-parent\" data-id=\"1a7974f\" data-element_type=\"container\" data-settings=\"{&quot;_transform_scale_effect&quot;:{&quot;unit&quot;:&quot;px&quot;,&quot;size&quot;:&quot;&quot;,&quot;sizes&quot;:[]},&quot;_transform_scale_effect_tablet&quot;:{&quot;unit&quot;:&quot;px&quot;,&quot;size&quot;:&quot;&quot;,&quot;sizes&quot;:[]},&quot;_transform_scale_effect_mobile&quot;:{&quot;unit&quot;:&quot;px&quot;,&quot;size&quot;:&quot;&quot;,&quot;sizes&quot;:[]}}\">\n\t\t\t\t\t<div class=\"e-con-inner\">\n\t\t<div class=\"elementor-element elementor-element-ea4169c e-con-full e-flex e-con e-child\" data-id=\"ea4169c\" data-element_type=\"container\">\n\t\t\t\t<div class=\"elementor-element elementor-element-063683a elementor-widget__width-initial elementor-widget elementor-widget-image\" data-id=\"063683a\" data-element_type=\"widget\" data-widget_type=\"image.default\">\n\t\t\t\t<div class=\"elementor-widget-container\">\n\t\t\t\t\t\t\t\t\t\t\t\t\t\t\t<img decoding=\"async\" width=\"800\" height=\"802\" src=\"https:\/\/terra-contact.fr\/wp-content\/uploads\/2026\/02\/Photos_2026-Mix-Plancher-Web\u00a9-terra-contact-impro-festival.jpg\" class=\"attachment-large size-large wp-image-7848\" alt=\"\" srcset=\"https:\/\/terra-contact.fr\/wp-content\/uploads\/2026\/02\/Photos_2026-Mix-Plancher-Web\u00a9-terra-contact-impro-festival.jpg 800w, https:\/\/terra-contact.fr\/wp-content\/uploads\/2026\/02\/Photos_2026-Mix-Plancher-Web\u00a9-terra-contact-impro-festival-300x300.jpg 300w, https:\/\/terra-contact.fr\/wp-content\/uploads\/2026\/02\/Photos_2026-Mix-Plancher-Web\u00a9-terra-contact-impro-festival-150x150.jpg 150w, https:\/\/terra-contact.fr\/wp-content\/uploads\/2026\/02\/Photos_2026-Mix-Plancher-Web\u00a9-terra-contact-impro-festival-768x770.jpg 768w\" sizes=\"(max-width: 800px) 100vw, 800px\" \/>\t\t\t\t\t\t\t\t\t\t\t\t\t\t\t<\/div>\n\t\t\t\t<\/div>\n\t\t\t\t<\/div>\n\t\t<div class=\"elementor-element elementor-element-eb6e143 e-con-full e-flex e-con e-child\" data-id=\"eb6e143\" data-element_type=\"container\">\n\t\t\t\t<div class=\"elementor-element elementor-element-bc60179 elementor-hidden-mobile elementor-widget elementor-widget-text-editor\" data-id=\"bc60179\" data-element_type=\"widget\" data-widget_type=\"text-editor.default\">\n\t\t\t\t<div class=\"elementor-widget-container\">\n\t\t\t\t\t\t\t\t\t<h4><strong>La pista de baile<\/strong><\/h4><p class=\"p1\">Una pista flotant de 100 m\u00b2, dissenyada per el Contacte Improvisaci\u00f3, us donar\u00e0 la benvinguda per ballar descal\u00e7os sota els arbres.<\/p><p class=\"p1\">Viurem aquesta aventura acampant en un entorn for\u00e7a salvatge, un petit eco-site situat al cor del bosc i la garriga, que ofereix vistes tant del mar com dels cims pirinencs. Un lloc que combina l&#8217;encant aut\u00e8ntic i la simplicitat r\u00fastica.<\/p><p class=\"p1\">Disposem d&#8217;aigua de font d&#8217;alta qualitat, procedent de les muntanyes.<\/p><p class=\"p1\">Tindreu l&#8217;oportunitat de descobrir i\/o experimentar la calma, la llum i l&#8217;atmosfera \u00fanica del Mediterrani vista des dels turons, aix\u00ed com la for\u00e7a de les roques i els vells<span class=\"Apple-converted-space\">\u00a0 <\/span>roures. \u00c9s un lloc propici per al rejoveniment, en connexi\u00f3 directa amb la natura i els elements.<\/p><p class=\"p1\">Aquesta estada tindr\u00e0 lloc en una gran finca energ\u00e8ticament independent. Situada en Rossell\u00f3 Conflent als Pirineus Orientals.<\/p>\t\t\t\t\t\t\t\t<\/div>\n\t\t\t\t<\/div>\n\t\t\t\t<div class=\"elementor-element elementor-element-28d498f elementor-hidden-desktop elementor-widget elementor-widget-text-editor\" data-id=\"28d498f\" data-element_type=\"widget\" data-widget_type=\"text-editor.default\">\n\t\t\t\t<div class=\"elementor-widget-container\">\n\t\t\t\t\t\t\t\t\t<h4><strong>La pista de baile<\/strong><\/h4><p class=\"p1\">Una pista flotant de 100 m\u00b2, dissenyada per el Contacte Improvisaci\u00f3, us donar\u00e0 la benvinguda per ballar descal\u00e7os sota els arbres.<\/p><p class=\"p1\">Viurem aquesta aventura acampant en un entorn for\u00e7a salvatge, un petit eco-site situat al cor del bosc i la garriga, que ofereix vistes tant del mar com dels cims pirinencs. Un lloc que combina l&#8217;encant aut\u00e8ntic i la simplicitat r\u00fastica.<\/p><p class=\"p1\">Disposem d&#8217;aigua de font d&#8217;alta qualitat, procedent de les muntanyes.<\/p><p class=\"p1\">Tindreu l&#8217;oportunitat de descobrir i\/o experimentar la calma, la llum i l&#8217;atmosfera \u00fanica del Mediterrani vista des dels turons, aix\u00ed com la for\u00e7a de les roques i els vells<span class=\"Apple-converted-space\">\u00a0 <\/span>roures. \u00c9s un lloc propici per al rejoveniment, en connexi\u00f3 directa amb la natura i els elements.<\/p><p class=\"p1\">Aquesta estada tindr\u00e0 lloc en una gran finca energ\u00e8ticament independent. Situada en Rossell\u00f3 Conflent als Pirineus Orientals.<\/p>\t\t\t\t\t\t\t\t<\/div>\n\t\t\t\t<\/div>\n\t\t\t\t<\/div>\n\t\t\t\t\t<\/div>\n\t\t\t\t<\/div>\n\t\t<div class=\"elementor-element elementor-element-9d41817 e-flex e-con-boxed e-con e-parent\" data-id=\"9d41817\" data-element_type=\"container\">\n\t\t\t\t\t<div class=\"e-con-inner\">\n\t\t<div class=\"elementor-element elementor-element-da464b9 e-con-full e-flex e-con e-child\" data-id=\"da464b9\" data-element_type=\"container\">\n\t\t\t\t<div class=\"elementor-element elementor-element-1fcad8b elementor-widget__width-initial elementor-widget elementor-widget-image\" data-id=\"1fcad8b\" data-element_type=\"widget\" data-widget_type=\"image.default\">\n\t\t\t\t<div class=\"elementor-widget-container\">\n\t\t\t\t\t\t\t\t\t\t\t\t\t\t\t<img decoding=\"async\" width=\"1014\" height=\"1024\" src=\"https:\/\/terra-contact.fr\/wp-content\/uploads\/2026\/02\/lieu-2-terra-contact-impro-danse-1014x1024.jpg\" class=\"attachment-large size-large wp-image-7852\" alt=\"\" srcset=\"https:\/\/terra-contact.fr\/wp-content\/uploads\/2026\/02\/lieu-2-terra-contact-impro-danse-1014x1024.jpg 1014w, https:\/\/terra-contact.fr\/wp-content\/uploads\/2026\/02\/lieu-2-terra-contact-impro-danse-297x300.jpg 297w, https:\/\/terra-contact.fr\/wp-content\/uploads\/2026\/02\/lieu-2-terra-contact-impro-danse-150x150.jpg 150w, https:\/\/terra-contact.fr\/wp-content\/uploads\/2026\/02\/lieu-2-terra-contact-impro-danse-768x776.jpg 768w, https:\/\/terra-contact.fr\/wp-content\/uploads\/2026\/02\/lieu-2-terra-contact-impro-danse-1520x1536.jpg 1520w, https:\/\/terra-contact.fr\/wp-content\/uploads\/2026\/02\/lieu-2-terra-contact-impro-danse.jpg 2027w\" sizes=\"(max-width: 1014px) 100vw, 1014px\" \/>\t\t\t\t\t\t\t\t\t\t\t\t\t\t\t<\/div>\n\t\t\t\t<\/div>\n\t\t\t\t<\/div>\n\t\t<div class=\"elementor-element elementor-element-0d6eed9 e-con-full e-flex e-con e-child\" data-id=\"0d6eed9\" data-element_type=\"container\">\n\t\t\t\t<div class=\"elementor-element elementor-element-6c5afda elementor-hidden-desktop elementor-widget elementor-widget-text-editor\" data-id=\"6c5afda\" data-element_type=\"widget\" data-widget_type=\"text-editor.default\">\n\t\t\t\t<div class=\"elementor-widget-container\">\n\t\t\t\t\t\t\t\t\t<h4><strong>Els voltants<\/strong><\/h4><p>Durant el Festival farem unes pauses per gaudir&#8230;<\/p><p>La teva elecci\u00f3:<br \/>Nedar en rius preciosos o a la platja, fer senderisme, descobrir la regi\u00f3, rebre un massatge de L\u00e9a, relaxar-se, etc&#8230;<\/p><h5><em><strong>Natura al voltant:<\/strong><\/em><\/h5><p class=\"p1\">Natura al voltant:<\/p><p class=\"p1\">Passejades pels camins de sota o pels turons amb vistes panor\u00e0miques de les muntanyes, el mar lluny\u00e0 i roques misterioses.<\/p><p class=\"p1\">Magn\u00edfics cels estrellats.<\/p><p class=\"p1\">Rius locals per refrescar-se (accessibles amb cotxe):<\/p><p class=\"p1\">&#8211; Riu bosc\u00f3s, aig\u00fces poc profundes, a 10 minuts.<\/p><p class=\"p1\">&#8211; Amb roques i basses per remullar-se, a 30 minuts (m\u00e9s a\u00efllat)<\/p><p class=\"p1\">&#8211; Aigua verd maragda, platja de sorra, zona boscosa, ideal per nedar, a 30 minuts.<\/p><div><p class=\"p1\"><em style=\"font-size: 0.8em;\"><br \/><a href=\"https:\/\/www.clairesabattie.com\/\" target=\"_blank\" rel=\"noopener\">Cr\u00e8dit fotogr\u00e0fic: Claire Sabatti\u00e9<\/a><br \/>(excepte fotos 6 i 11)<br \/><\/em><\/p><\/div>\t\t\t\t\t\t\t\t<\/div>\n\t\t\t\t<\/div>\n\t\t\t\t<div class=\"elementor-element elementor-element-1dff501 elementor-hidden-mobile elementor-widget elementor-widget-text-editor\" data-id=\"1dff501\" data-element_type=\"widget\" data-widget_type=\"text-editor.default\">\n\t\t\t\t<div class=\"elementor-widget-container\">\n\t\t\t\t\t\t\t\t\t<h4><strong>Els voltants<\/strong><\/h4><p>Durant el Festival farem unes pauses per gaudir&#8230;<\/p><p>La teva elecci\u00f3:<br \/>Nedar en rius preciosos o a la platja, fer senderisme, descobrir la regi\u00f3, rebre un massatge de L\u00e9a, relaxar-se, etc&#8230;<\/p><p><strong>Natura al voltant:<\/strong><\/p><p class=\"p1\">Natura al voltant:<\/p><p class=\"p1\">Passejades pels camins de sota o pels turons amb vistes panor\u00e0miques de les muntanyes, el mar lluny\u00e0 i roques misterioses.<\/p><p class=\"p1\">Magn\u00edfics cels estrellats.<\/p><p class=\"p1\">Rius locals per refrescar-se (accessibles amb cotxe):<\/p><p class=\"p1\">&#8211; Riu bosc\u00f3s, aig\u00fces poc profundes, a 10 minuts.<\/p><p class=\"p1\">&#8211; Amb roques i basses per remullar-se, a 30 minuts (m\u00e9s a\u00efllat)<\/p><p class=\"p1\">&#8211; Aigua verd maragda, platja de sorra, zona boscosa, ideal per nedar, a 30 minuts.<\/p><p><strong>El mar:<\/strong><\/p><p>Les grans platges i penya-segats (Canet &#8211; Le Barcares &#8211; La Franqui &#8211; Argel\u00e8s &#8211; Cotlliure&#8230;.)<\/p><p>La costa rocosa, les cales i les petites platges entre Argelers i Espanya (Amb cotxe &#8211; accessible en tren i autob\u00fas en la seva major part).<\/p><p>.<\/p><div><p class=\"p1\"><em style=\"font-size: 0.8em;\"><br \/><a href=\"https:\/\/www.clairesabattie.com\/\" target=\"_blank\" rel=\"noopener\">Cr\u00e8dit fotogr\u00e0fic: Claire Sabatti\u00e9<\/a><br \/>(excepte fotos 6 i 11)<br \/><\/em><\/p><\/div>\t\t\t\t\t\t\t\t<\/div>\n\t\t\t\t<\/div>\n\t\t\t\t<\/div>\n\t\t\t\t\t<\/div>\n\t\t\t\t<\/div>\n\t\t<div class=\"elementor-element elementor-element-01782bf e-flex e-con-boxed e-con e-parent\" data-id=\"01782bf\" data-element_type=\"container\">\n\t\t\t\t\t<div class=\"e-con-inner\">\n\t\t<div class=\"elementor-element elementor-element-060927c e-con-full e-flex e-con e-child\" data-id=\"060927c\" data-element_type=\"container\">\n\t\t\t\t<div class=\"elementor-element elementor-element-3843acb elementor-widget elementor-widget-image\" data-id=\"3843acb\" data-element_type=\"widget\" data-widget_type=\"image.default\">\n\t\t\t\t<div class=\"elementor-widget-container\">\n\t\t\t\t\t\t\t\t\t\t\t\t\t\t\t<img loading=\"lazy\" decoding=\"async\" width=\"202\" height=\"243\" src=\"https:\/\/terra-contact.fr\/wp-content\/uploads\/2026\/02\/ciste_200_terra-contact_2026_danse_france_pyrenees-orientales_gaudeau_nature_sauvage-wild.png\" class=\"attachment-large size-large wp-image-7418\" alt=\"\" \/>\t\t\t\t\t\t\t\t\t\t\t\t\t\t\t<\/div>\n\t\t\t\t<\/div>\n\t\t\t\t<\/div>\n\t\t<div class=\"elementor-element elementor-element-17af71e e-con-full e-flex e-con e-child\" data-id=\"17af71e\" data-element_type=\"container\">\n\t\t\t\t<\/div>\n\t\t\t\t\t<\/div>\n\t\t\t\t<\/div>\n\t\t\t\t<\/div>\n\t\t","protected":false},"excerpt":{"rendered":"<p>Le parquet de danse Un parquet flottant de 100 m2 imagin\u00e9 pour la pratique du Contact Impro, vous accueillera pour danser pieds nus sous les arbres. Nous vivrons cette aventure en mode camping dans un endroit assez sauvage, un petit \u00e9co-site nich\u00e9 au c\u0153ur des bois et du maquis, offrant une vue \u00e0 la fois [&hellip;]<\/p>\n","protected":false},"author":1,"featured_media":0,"parent":0,"menu_order":0,"comment_status":"closed","ping_status":"closed","template":"","meta":{"site-sidebar-layout":"no-sidebar","site-content-layout":"page-builder","ast-site-content-layout":"full-width-container","site-content-style":"unboxed","site-sidebar-style":"unboxed","ast-global-header-display":"","ast-banner-title-visibility":"","ast-main-header-display":"","ast-hfb-above-header-display":"","ast-hfb-below-header-display":"","ast-hfb-mobile-header-display":"","site-post-title":"disabled","ast-breadcrumbs-content":"","ast-featured-img":"disabled","footer-sml-layout":"","theme-transparent-header-meta":"","adv-header-id-meta":"","stick-header-meta":"","header-above-stick-meta":"","header-main-stick-meta":"","header-below-stick-meta":"","astra-migrate-meta-layouts":"set","ast-page-background-enabled":"default","ast-page-background-meta":{"desktop":{"background-color":"var(--ast-global-color-4)","background-image":"","background-repeat":"repeat","background-position":"center center","background-size":"auto","background-attachment":"scroll","background-type":"","background-media":"","overlay-type":"","overlay-color":"","overlay-opacity":"","overlay-gradient":""},"tablet":{"background-color":"","background-image":"","background-repeat":"repeat","background-position":"center center","background-size":"auto","background-attachment":"scroll","background-type":"","background-media":"","overlay-type":"","overlay-color":"","overlay-opacity":"","overlay-gradient":""},"mobile":{"background-color":"","background-image":"","background-repeat":"repeat","background-position":"center center","background-size":"auto","background-attachment":"scroll","background-type":"","background-media":"","overlay-type":"","overlay-color":"","overlay-opacity":"","overlay-gradient":""}},"ast-content-background-meta":{"desktop":{"background-color":"var(--ast-global-color-5)","background-image":"","background-repeat":"repeat","background-position":"center center","background-size":"auto","background-attachment":"scroll","background-type":"","background-media":"","overlay-type":"","overlay-color":"","overlay-opacity":"","overlay-gradient":""},"tablet":{"background-color":"var(--ast-global-color-5)","background-image":"","background-repeat":"repeat","background-position":"center center","background-size":"auto","background-attachment":"scroll","background-type":"","background-media":"","overlay-type":"","overlay-color":"","overlay-opacity":"","overlay-gradient":""},"mobile":{"background-color":"var(--ast-global-color-5)","background-image":"","background-repeat":"repeat","background-position":"center center","background-size":"auto","background-attachment":"scroll","background-type":"","background-media":"","overlay-type":"","overlay-color":"","overlay-opacity":"","overlay-gradient":""}},"footnotes":""},"class_list":["post-2273","page","type-page","status-publish","hentry"],"_links":{"self":[{"href":"https:\/\/terra-contact.fr\/ca\/wp-json\/wp\/v2\/pages\/2273","targetHints":{"allow":["GET"]}}],"collection":[{"href":"https:\/\/terra-contact.fr\/ca\/wp-json\/wp\/v2\/pages"}],"about":[{"href":"https:\/\/terra-contact.fr\/ca\/wp-json\/wp\/v2\/types\/page"}],"author":[{"embeddable":true,"href":"https:\/\/terra-contact.fr\/ca\/wp-json\/wp\/v2\/users\/1"}],"replies":[{"embeddable":true,"href":"https:\/\/terra-contact.fr\/ca\/wp-json\/wp\/v2\/comments?post=2273"}],"version-history":[{"count":141,"href":"https:\/\/terra-contact.fr\/ca\/wp-json\/wp\/v2\/pages\/2273\/revisions"}],"predecessor-version":[{"id":9563,"href":"https:\/\/terra-contact.fr\/ca\/wp-json\/wp\/v2\/pages\/2273\/revisions\/9563"}],"wp:attachment":[{"href":"https:\/\/terra-contact.fr\/ca\/wp-json\/wp\/v2\/media?parent=2273"}],"curies":[{"name":"wp","href":"https:\/\/api.w.org\/{rel}","templated":true}]}}